{"id":1035,"date":"2021-06-28T11:43:53","date_gmt":"2021-06-28T09:43:53","guid":{"rendered":"https:\/\/redico.eu\/home\/"},"modified":"2025-09-15T16:22:46","modified_gmt":"2025-09-15T14:22:46","slug":"home","status":"publish","type":"page","link":"https:\/\/redico.eu\/de\/","title":{"rendered":"Home"},"content":{"rendered":"<p>[et_pb_section fb_built=&#8220;1&#8243; module_class=&#8220;home-section dark-bg&#8220; _builder_version=&#8220;4.16&#8243; _module_preset=&#8220;default&#8220; background_image=&#8220;https:\/\/redico.eu\/wp-content\/uploads\/2021\/06\/startseite_redico_hintergrund_g-1.jpg&#8220; background_position=&#8220;bottom_center&#8220; custom_margin=&#8220;||||false|false&#8220; custom_margin_tablet=&#8220;&#8220; custom_margin_phone=&#8220;&#8220; custom_margin_last_edited=&#8220;on|phone&#8220; custom_padding=&#8220;0px||||false|false&#8220; background_last_edited=&#8220;off|desktop&#8220; global_colors_info=&#8220;{}&#8220;][et_pb_row column_structure=&#8220;1_2,1_2&#8243; custom_padding_last_edited=&#8220;on|phone&#8220; _builder_version=&#8220;4.16&#8243; _module_preset=&#8220;default&#8220; width=&#8220;88%&#8220; custom_padding=&#8220;80px||||false|false&#8220; custom_padding_tablet=&#8220;&#8220; custom_padding_phone=&#8220;0px||||false|false&#8220; global_colors_info=&#8220;{}&#8220;][et_pb_column type=&#8220;1_2&#8243; _builder_version=&#8220;4.16&#8243; _module_preset=&#8220;default&#8220; global_colors_info=&#8220;{}&#8220;][et_pb_text admin_label=&#8220;Headline&#8220; _builder_version=&#8220;4.27.2&#8243; _module_preset=&#8220;default&#8220; custom_margin=&#8220;||20px||false|false&#8220; custom_margin_tablet=&#8220;&#8220; custom_margin_phone=&#8220;||5px||false|false&#8220; custom_margin_last_edited=&#8220;on|phone&#8220; global_colors_info=&#8220;{}&#8220;]<\/p>\n<h1>Centre for Digital Interculturality Studies<\/h1>\n<p>[\/et_pb_text][et_pb_text admin_label=&#8220;gr\u00f6\u00dferer Text&#8220; module_class=&#8220;font-bigger&#8220; _builder_version=&#8220;4.27.2&#8243; _module_preset=&#8220;default&#8220; max_width=&#8220;480px&#8220; max_width_tablet=&#8220;&#8220; max_width_phone=&#8220;&#8220; max_width_last_edited=&#8220;on|desktop&#8220; global_colors_info=&#8220;{}&#8220;]<\/p>\n<p>Interdisziplin\u00e4res Forschungszentrum f\u00fcr digitale und interkulturelle Studien<\/p>\n<p>[\/et_pb_text][\/et_pb_column][et_pb_column type=&#8220;1_2&#8243; _builder_version=&#8220;4.16&#8243; _module_preset=&#8220;default&#8220; global_colors_info=&#8220;{}&#8220;][et_pb_image src=&#8220;https:\/\/redico.eu\/wp-content\/uploads\/2021\/05\/grafik_startseite_header_redico2.svg&#8220; title_text=&#8220;grafik_startseite_header_redico2&#8243; _builder_version=&#8220;4.16&#8243; _module_preset=&#8220;default&#8220; max_width=&#8220;90%&#8220; custom_margin=&#8220;-40px||||false|false&#8220; custom_margin_tablet=&#8220;&#8220; custom_margin_phone=&#8220;0px||130px||false|false&#8220; custom_margin_last_edited=&#8220;on|desktop&#8220; global_colors_info=&#8220;{}&#8220;][\/et_pb_image][\/et_pb_column][\/et_pb_row][et_pb_row admin_label=&#8220;Bounce Animation&#8220; _builder_version=&#8220;4.16&#8243; _module_preset=&#8220;default&#8220; custom_css_main_element=&#8220;bottom: 50px;||position: absolute;||text-align: center;||left: 50%;||transform: translate(-50%, -50%);||z-index:9999;&#8220; global_colors_info=&#8220;{}&#8220;][et_pb_column type=&#8220;4_4&#8243; _builder_version=&#8220;4.16&#8243; _module_preset=&#8220;default&#8220; global_colors_info=&#8220;{}&#8220;][et_pb_text module_class=&#8220;bounce&#8220; _builder_version=&#8220;4.16&#8243; _module_preset=&#8220;default&#8220; text_text_color=&#8220;#0D2743&#8243; global_colors_info=&#8220;{}&#8220;]<\/p>\n<p style=\"text-align: center;\"><a href=\"#redicomoreinfo\" style=\"color:#E0E0E0 !important;\"><span class='et-pb-icon' style=\"font-size:50px;font-weight:700\">&#x37;<\/span><\/a><\/p>\n<p>[\/et_pb_text][\/et_pb_column][\/et_pb_row][\/et_pb_section][et_pb_section fb_built=&#8220;1&#8243; module_id=&#8220;redicomoreinfo&#8220; _builder_version=&#8220;4.16&#8243; _module_preset=&#8220;default&#8220; custom_margin_tablet=&#8220;&#8220; custom_margin_phone=&#8220;&#8220; custom_margin_last_edited=&#8220;on|phone&#8220; custom_padding=&#8220;10px||||false|false&#8220; global_colors_info=&#8220;{}&#8220;][et_pb_row column_structure=&#8220;1_2,1_2&#8243; _builder_version=&#8220;4.16&#8243; _module_preset=&#8220;default&#8220; custom_margin=&#8220;||||false|false&#8220; custom_padding=&#8220;||70px||false|false&#8220; global_colors_info=&#8220;{}&#8220;][et_pb_column type=&#8220;1_2&#8243; _builder_version=&#8220;4.16&#8243; _module_preset=&#8220;default&#8220; global_colors_info=&#8220;{}&#8220;][et_pb_text admin_label=&#8220;Headline&#8220; _builder_version=&#8220;4.27.2&#8243; _module_preset=&#8220;default&#8220; global_colors_info=&#8220;{}&#8220;]<\/p>\n<h2>Das Forschungs-zentrum stellt sich vor<\/h2>\n<p>[\/et_pb_text][et_pb_image src=&#8220;https:\/\/redico.eu\/wp-content\/uploads\/2021\/05\/presentation_grafik_startseite2.svg&#8220; title_text=&#8220;presentation_grafik_startseite2&#8243; _builder_version=&#8220;4.16&#8243; _module_preset=&#8220;default&#8220; global_colors_info=&#8220;{}&#8220;][\/et_pb_image][\/et_pb_column][et_pb_column type=&#8220;1_2&#8243; _builder_version=&#8220;4.16&#8243; _module_preset=&#8220;default&#8220; global_colors_info=&#8220;{}&#8220;][et_pb_text _builder_version=&#8220;4.27.2&#8243; _module_preset=&#8220;default&#8220; hover_enabled=&#8220;0&#8243; global_colors_info=&#8220;{}&#8220; sticky_enabled=&#8220;0&#8243;]<\/p>\n<p>Im Zuge der Verwischung kultureller Grenzen und der Verschmelzung von physischen mit virtuellen R\u00e4umen sind Interkulturalit\u00e4t und Digitalisierung zwei Konzepte, die gemeinsam betrachtet werden m\u00fcssen, da sie tief miteinander verwoben sind. Unser Forschungszentrum ReDICo (Researching Digital Interculturality Co-operatively) widmet sich der kooperativen Erforschung Digitaler Interkulturalit\u00e4t. Als Anh\u00e4nger einer wissenschaftlichen Interkulturellen Kommunikation lassen wir uns von der kritischen und kulturbewussten interdisziplin\u00e4ren Internetforschung beeinflussen. ReDICo bietet allen Personen unabh\u00e4ngig ihrer institutionellen Einbindung Vernetzungsm\u00f6glichkeiten, so durch unsere nicht-propriet\u00e4re, kostenlose Online-Plattform, den <a href=\"https:\/\/hub.redico.eu\/\">ReDICo Hub<\/a> und durch eine Reihe von virtuellen Konferenzen. Dabei orientieren wir uns an den Ma\u00dfst\u00e4ben der Nachhaltigkeit und Inklusivit\u00e4t. Wir untersuchen also nicht nur theoretisch Digitale Interkulturalit\u00e4t, wir setzen sie auch praktisch um!\n<\/p>\n<p><strong>Interessieren Sie sich f\u00fcr unsere Geschichte?<\/strong><\/p>\n<p>[\/et_pb_text][et_pb_button button_url=&#8220;@ET-DC@eyJkeW5hbWljIjp0cnVlLCJjb250ZW50IjoicG9zdF9saW5rX3VybF9wYWdlIiwic2V0dGluZ3MiOnsicG9zdF9pZCI6IjEyIn19@&#8220; button_text=&#8220;Hier mehr erfahren!&#8220; _builder_version=&#8220;4.16&#8243; _dynamic_attributes=&#8220;button_url&#8220; _module_preset=&#8220;default&#8220; custom_padding=&#8220;|30px||30px|false|false&#8220; global_colors_info=&#8220;{}&#8220;][\/et_pb_button][\/et_pb_column][\/et_pb_row][\/et_pb_section][et_pb_section fb_built=&#8220;1&#8243; admin_label=&#8220;News Section&#8220; module_class=&#8220;bg-gradient-news&#8220; _builder_version=&#8220;4.16&#8243; _module_preset=&#8220;default&#8220; background_enable_color=&#8220;off&#8220; custom_padding=&#8220;75px||75px||false|false&#8220; global_colors_info=&#8220;{}&#8220;][et_pb_row custom_padding_last_edited=&#8220;on|phone&#8220; module_class=&#8220;dark-bg&#8220; _builder_version=&#8220;4.16&#8243; _module_preset=&#8220;default&#8220; custom_padding=&#8220;||50px||false|false&#8220; custom_padding_tablet=&#8220;&#8220; custom_padding_phone=&#8220;||25px||false|false&#8220; global_colors_info=&#8220;{}&#8220;][et_pb_column type=&#8220;4_4&#8243; _builder_version=&#8220;4.16&#8243; _module_preset=&#8220;default&#8220; global_colors_info=&#8220;{}&#8220;][et_pb_text _builder_version=&#8220;4.16&#8243; _module_preset=&#8220;default&#8220; global_colors_info=&#8220;{}&#8220;]<\/p>\n<h2>Newsfeed<\/h2>\n<p>[\/et_pb_text][\/et_pb_column][\/et_pb_row][et_pb_row _builder_version=&#8220;4.16&#8243; _module_preset=&#8220;default&#8220; global_colors_info=&#8220;{}&#8220;][et_pb_column type=&#8220;4_4&#8243; _builder_version=&#8220;4.16&#8243; _module_preset=&#8220;default&#8220; global_colors_info=&#8220;{}&#8220;][et_pb_blog fullwidth=&#8220;off&#8220; posts_number=&#8220;3&#8243; meta_date=&#8220;d.m.Y&#8220; show_more=&#8220;on&#8220; show_author=&#8220;off&#8220; show_categories=&#8220;off&#8220; use_overlay=&#8220;on&#8220; hover_overlay_color=&#8220;rgba(13,39,67,0.4)&#8220; hover_icon=&#8220;&#x4c;||divi||400&#8243; module_class=&#8220;bloggrid bloggrid-home&#8220; _builder_version=&#8220;4.16&#8243; _module_preset=&#8220;default&#8220; header_level=&#8220;h5&#8243; body_text_color=&#8220;#0D2743&#8243; box_shadow_style=&#8220;preset1&#8243; box_shadow_blur=&#8220;5px&#8220; global_colors_info=&#8220;{}&#8220;][\/et_pb_blog][\/et_pb_column][\/et_pb_row][et_pb_row _builder_version=&#8220;4.16&#8243; _module_preset=&#8220;default&#8220; global_colors_info=&#8220;{}&#8220;][et_pb_column type=&#8220;4_4&#8243; _builder_version=&#8220;4.16&#8243; _module_preset=&#8220;default&#8220; global_colors_info=&#8220;{}&#8220;][et_pb_button button_url=&#8220;@ET-DC@eyJkeW5hbWljIjp0cnVlLCJjb250ZW50IjoicG9zdF9saW5rX3VybF9wYWdlIiwic2V0dGluZ3MiOnsicG9zdF9pZCI6IjE0In19@&#8220; button_text=&#8220;Alle News&#8220; module_class=&#8220;btn-white btn-big-padding&#8220; _builder_version=&#8220;4.16&#8243; _dynamic_attributes=&#8220;button_url&#8220; _module_preset=&#8220;default&#8220; custom_padding=&#8220;|30px||30px|false|false&#8220; global_colors_info=&#8220;{}&#8220;][\/et_pb_button][\/et_pb_column][\/et_pb_row][\/et_pb_section][et_pb_section fb_built=&#8220;1&#8243; custom_padding_last_edited=&#8220;on|phone&#8220; _builder_version=&#8220;4.16&#8243; _module_preset=&#8220;default&#8220; custom_padding=&#8220;100px||100px||false|false&#8220; custom_padding_tablet=&#8220;&#8220; custom_padding_phone=&#8220;50px||50px||false|false&#8220; global_colors_info=&#8220;{}&#8220;][et_pb_row column_structure=&#8220;1_2,1_2&#8243; use_custom_gutter=&#8220;on&#8220; gutter_width=&#8220;3&#8243; _builder_version=&#8220;4.16&#8243; _module_preset=&#8220;default&#8220; custom_margin=&#8220;||||false|false&#8220; custom_padding=&#8220;||70px||false|false&#8220; global_colors_info=&#8220;{}&#8220;][et_pb_column type=&#8220;1_2&#8243; _builder_version=&#8220;4.16&#8243; _module_preset=&#8220;default&#8220; global_colors_info=&#8220;{}&#8220;][et_pb_text admin_label=&#8220;Headline&#8220; _builder_version=&#8220;4.27.2&#8243; _module_preset=&#8220;default&#8220; global_colors_info=&#8220;{}&#8220;]<\/p>\n<h2>Ver\u00f6ffentlichungen<\/h2>\n<p>[\/et_pb_text][et_pb_button button_url=&#8220;@ET-DC@eyJkeW5hbWljIjp0cnVlLCJjb250ZW50IjoicG9zdF9saW5rX3VybF9wYWdlIiwic2V0dGluZ3MiOnsicG9zdF9pZCI6IjE2In19@&#8220; button_text=&#8220;Hier mehr erfahren!&#8220; _builder_version=&#8220;4.16&#8243; _dynamic_attributes=&#8220;button_url&#8220; _module_preset=&#8220;default&#8220; custom_padding=&#8220;|30px||30px|false|false&#8220; global_colors_info=&#8220;{}&#8220;][\/et_pb_button][\/et_pb_column][et_pb_column type=&#8220;1_2&#8243; _builder_version=&#8220;4.16&#8243; _module_preset=&#8220;default&#8220; global_colors_info=&#8220;{}&#8220;][et_pb_text _builder_version=&#8220;4.27.2&#8243; _module_preset=&#8220;default&#8220; global_colors_info=&#8220;{}&#8220;]<\/p>\n<p>Mit unserer Forschung greifen wir vorhandene Erkenntnisse auf und entwickeln davon ausgehend neue Schlussfolgerungen rund um die digitale Interkulturalit\u00e4t. Dabei profitieren wir von der Interdisziplinarit\u00e4t unseres Teams und agieren stets kooperativ. Unsere Vortr\u00e4ge und Ver\u00f6ffentlichungen richten sich an ein breites Publikum: Unser Team tritt auf Konferenzen auf, f\u00fchrt Workshops durch, reicht Beitr\u00e4ge in Journals ein und gibt Publikationen heraus, in denen Sie auch Erkenntnisse externer Wissenschaftler:innen finden k\u00f6nnen. Wir bem\u00fchen uns um eine Vielfalt an Formaten und um einen m\u00f6glichst barrierefreien Zugang zu allen unseren Ergebnissen. Viele davon k\u00f6nnen wir sogar auf dieser Webseite zum Download anbieten.<\/p>\n<p>[\/et_pb_text][\/et_pb_column][\/et_pb_row][\/et_pb_section][et_pb_section fb_built=&#8220;1&#8243; admin_label=&#8220;Team-Section&#8220; module_class=&#8220;bg-gradient-team dark-bg&#8220; _builder_version=&#8220;4.16&#8243; _module_preset=&#8220;default&#8220; background_enable_color=&#8220;off&#8220; background_color_gradient_direction=&#8220;45deg&#8220; custom_padding=&#8220;50px||0px||false|false&#8220; global_colors_info=&#8220;{}&#8220;][et_pb_row column_structure=&#8220;1_2,1_2&#8243; use_custom_gutter=&#8220;on&#8220; make_equal=&#8220;on&#8220; _builder_version=&#8220;4.16&#8243; _module_preset=&#8220;default&#8220; custom_margin=&#8220;||||false|false&#8220; custom_padding=&#8220;||70px||false|false&#8220; global_colors_info=&#8220;{}&#8220;][et_pb_column type=&#8220;1_2&#8243; _builder_version=&#8220;4.16&#8243; _module_preset=&#8220;default&#8220; custom_padding_tablet=&#8220;&#8220; custom_padding_phone=&#8220;||30px||false|false&#8220; custom_padding_last_edited=&#8220;on|phone&#8220; custom_css_main_element=&#8220;margin:auto;&#8220; global_colors_info=&#8220;{}&#8220;][et_pb_text admin_label=&#8220;Headline&#8220; _builder_version=&#8220;4.16&#8243; _module_preset=&#8220;default&#8220; global_colors_info=&#8220;{}&#8220;]<\/p>\n<h2>Team und Netzwerk<\/h2>\n<p>[\/et_pb_text][et_pb_text _builder_version=&#8220;4.27.2&#8243; _module_preset=&#8220;default&#8220; global_colors_info=&#8220;{}&#8220;]<\/p>\n<p>ReDICo basiert auf interkultureller, mehrsprachiger und interdisziplin\u00e4rer Zusammenarbeit. Lernen Sie unser Kernteam kennen.<\/p>\n<p>[\/et_pb_text][et_pb_button button_url=&#8220;@ET-DC@eyJkeW5hbWljIjp0cnVlLCJjb250ZW50IjoicG9zdF9saW5rX3VybF9wYWdlIiwic2V0dGluZ3MiOnsicG9zdF9pZCI6IjE5In19@&#8220; button_text=&#8220;Hier mehr erfahren!&#8220; admin_label=&#8220;White-Button&#8220; module_class=&#8220;btn-white&#8220; _builder_version=&#8220;4.16&#8243; _dynamic_attributes=&#8220;button_url&#8220; _module_preset=&#8220;default&#8220; custom_margin=&#8220;30px||||false|false&#8220; global_colors_info=&#8220;{}&#8220;][\/et_pb_button][\/et_pb_column][et_pb_column type=&#8220;1_2&#8243; _builder_version=&#8220;4.16&#8243; _module_preset=&#8220;default&#8220; custom_css_main_element=&#8220;margin:auto;&#8220; global_colors_info=&#8220;{}&#8220;][et_pb_image src=&#8220;https:\/\/redico.eu\/wp-content\/uploads\/2021\/06\/team.png&#8220; title_text=&#8220;team&#8220; _builder_version=&#8220;4.16&#8243; _module_preset=&#8220;default&#8220; global_colors_info=&#8220;{}&#8220;][\/et_pb_image][\/et_pb_column][\/et_pb_row][\/et_pb_section]<\/p>\n","protected":false},"excerpt":{"rendered":"<p>Centre for Digital Interculturality StudiesInterdisziplin\u00e4res Forschungszentrum f\u00fcr digitale und interkulturelle Studien&#x37;Das Forschungs-zentrum stellt sich vorIm Zuge der Verwischung kultureller Grenzen und der Verschmelzung von physischen mit virtuellen R\u00e4umen sind Interkulturalit\u00e4t und Digitalisierung zwei Konzepte, die gemeinsam betrachtet werden m\u00fcssen, da sie tief miteinander verwoben sind. Unser Forschungszentrum ReDICo (Researching Digital Interculturality Co-operatively) widmet sich der [&hellip;]<\/p>\n","protected":false},"author":1,"featured_media":0,"parent":0,"menu_order":0,"comment_status":"closed","ping_status":"closed","template":"","meta":{"_et_pb_use_builder":"on","_et_pb_old_content":"","_et_gb_content_width":"","footnotes":""},"_links":{"self":[{"href":"https:\/\/redico.eu\/de\/wp-json\/wp\/v2\/pages\/1035"}],"collection":[{"href":"https:\/\/redico.eu\/de\/wp-json\/wp\/v2\/pages"}],"about":[{"href":"https:\/\/redico.eu\/de\/wp-json\/wp\/v2\/types\/page"}],"author":[{"embeddable":true,"href":"https:\/\/redico.eu\/de\/wp-json\/wp\/v2\/users\/1"}],"replies":[{"embeddable":true,"href":"https:\/\/redico.eu\/de\/wp-json\/wp\/v2\/comments?post=1035"}],"version-history":[{"count":38,"href":"https:\/\/redico.eu\/de\/wp-json\/wp\/v2\/pages\/1035\/revisions"}],"predecessor-version":[{"id":5698,"href":"https:\/\/redico.eu\/de\/wp-json\/wp\/v2\/pages\/1035\/revisions\/5698"}],"wp:attachment":[{"href":"https:\/\/redico.eu\/de\/wp-json\/wp\/v2\/media?parent=1035"}],"curies":[{"name":"wp","href":"https:\/\/api.w.org\/{rel}","templated":true}]}}