{"id":1756,"date":"2021-10-07T10:04:52","date_gmt":"2021-10-07T08:04:52","guid":{"rendered":"https:\/\/redico.eu\/?page_id=1756"},"modified":"2025-10-22T18:43:50","modified_gmt":"2025-10-22T16:43:50","slug":"redico_conferences","status":"publish","type":"page","link":"https:\/\/redico.eu\/de\/geschichte\/redico_conferences\/","title":{"rendered":"ReDICo-Konferenzen"},"content":{"rendered":"<p>[et_pb_section fb_built=&#8220;1&#8243; admin_label=&#8220;Header-Section&#8220; module_class=&#8220;bg-gradient-presentation dark-bg&#8220; _builder_version=&#8220;4.16&#8243; _module_preset=&#8220;default&#8220; background_enable_color=&#8220;off&#8220; background_color_gradient_direction=&#8220;45deg&#8220; custom_padding=&#8220;50px||0px||false|false&#8220; locked=&#8220;off&#8220; global_colors_info=&#8220;{}&#8220;][et_pb_row column_structure=&#8220;1_2,1_2&#8243; make_equal=&#8220;on&#8220; _builder_version=&#8220;4.16&#8243; _module_preset=&#8220;default&#8220; custom_margin=&#8220;||||false|false&#8220; custom_padding=&#8220;||70px||false|false&#8220; global_colors_info=&#8220;{}&#8220;][et_pb_column type=&#8220;1_2&#8243; _builder_version=&#8220;4.16&#8243; _module_preset=&#8220;default&#8220; custom_css_main_element=&#8220;margin:auto&#8220; global_colors_info=&#8220;{}&#8220;][et_pb_text admin_label=&#8220;Headline&#8220; _builder_version=&#8220;4.16&#8243; _module_preset=&#8220;default&#8220; global_colors_info=&#8220;{}&#8220;]<\/p>\n<h2>ReDICo Konferenzen<\/h2>\n<p>[\/et_pb_text][\/et_pb_column][et_pb_column type=&#8220;1_2&#8243; _builder_version=&#8220;4.16&#8243; _module_preset=&#8220;default&#8220; global_colors_info=&#8220;{}&#8220;][et_pb_image src=&#8220;https:\/\/redico.eu\/wp-content\/uploads\/2021\/10\/conferences_white-e1634896715471.png&#8220; title_text=&#8220;conferences_white&#8220; _builder_version=&#8220;4.16&#8243; _module_preset=&#8220;default&#8220; global_colors_info=&#8220;{}&#8220;][\/et_pb_image][\/et_pb_column][\/et_pb_row][\/et_pb_section][et_pb_section fb_built=&#8220;1&#8243; _builder_version=&#8220;4.16&#8243; _module_preset=&#8220;default&#8220; global_colors_info=&#8220;{}&#8220;][et_pb_row _builder_version=&#8220;4.16&#8243; _module_preset=&#8220;default&#8220; global_colors_info=&#8220;{}&#8220;][et_pb_column type=&#8220;4_4&#8243; _builder_version=&#8220;4.16&#8243; _module_preset=&#8220;default&#8220; global_colors_info=&#8220;{}&#8220;][et_pb_text _builder_version=&#8220;4.27.2&#8243; _module_preset=&#8220;default&#8220; custom_margin=&#8220;20px||||false|false&#8220; global_colors_info=&#8220;{}&#8220;]<\/p>\n<p>W\u00e4hrend der Projektlaufzeit von ReDICo wurden eine Reihe von Konferenzen organisiert. Diese verfolgten sowohl strategische Ziele, wie das Schaffen nachhaltiger nationaler und internationaler Vernetzungen, als auch wissenschaftliche Ziele, um die Perspektiven der Digitalen Interkulturalit\u00e4t aus einer theoretischen und empirischen Perspektive zu erweitern.<\/p>\n<p>[\/et_pb_text][\/et_pb_column][\/et_pb_row][et_pb_row column_structure=&#8220;2_3,1_3&#8243; _builder_version=&#8220;4.16&#8243; _module_preset=&#8220;default&#8220; custom_padding=&#8220;50px||50px||false|false&#8220; global_colors_info=&#8220;{}&#8220;][et_pb_column type=&#8220;2_3&#8243; _builder_version=&#8220;4.16&#8243; _module_preset=&#8220;default&#8220; global_colors_info=&#8220;{}&#8220;][et_pb_accordion open_toggle_text_color=&#8220;#0D2743&#8243; open_toggle_background_color=&#8220;#f8f8f8&#8243; closed_toggle_text_color=&#8220;#0D2743&#8243; closed_toggle_background_color=&#8220;#f8f8f8&#8243; admin_label=&#8220;Accordion&#8220; _builder_version=&#8220;4.27.2&#8243; _module_preset=&#8220;default&#8220; toggle_text_color=&#8220;#0D2743&#8243; toggle_level=&#8220;h4&#8243; toggle_font=&#8220;||on||||||&#8220; hover_enabled=&#8220;0&#8243; locked=&#8220;off&#8220; global_colors_info=&#8220;{}&#8220; sticky_enabled=&#8220;0&#8243;][et_pb_accordion_item title=&#8220;Konferenz %22Interkulturalit\u00e4t neu imaginieren: Relationen, Komplexit\u00e4ten und Digitalit\u00e4t%22 (Jena\/online 25. September 2025)&#8220; open=&#8220;on&#8220; _builder_version=&#8220;4.27.2&#8243; _module_preset=&#8220;default&#8220; hover_enabled=&#8220;0&#8243; global_colors_info=&#8220;{}&#8220; sticky_enabled=&#8220;0&#8243;]Die Konferenz \u201eInterkulturalit\u00e4t neu imaginieren: Relationen, Komplexit\u00e4ten und Digitalit\u00e4t\u201d fand am 25. September 2025 in Jena und online statt. Sie wurde vom ReDICo Projekt gemeinsam mit dem Hochschulverband f\u00fcr Interkulturelle Studien (IKS), Interculture.de und der Juniorprofessur f\u00fcr Interkulturelle Praxis mit dem Schwerpunkt digitale Kulturen an der Technischen Universit\u00e4t Chemnitz organisiert. Die wissenschaftliche Tagung brachte Expertinnen und Experten aus Forschung und Praxis zusammen, um interkulturelle Kompetenz, transkulturelles Lernen und kulturelle Komplexit\u00e4t im Kontext globaler und postdigitaler Umbr\u00fcche neu zu denken. Gleichzeitig w\u00fcrdigte die Tagung das Werk von Prof. Dr. J\u00fcrgen Bolten (1958\u20132023) als Pionier und Vision\u00e4r der Interkulturellen Kommunikationswissenschaft. Die Veranstaltung wurde unter anderem vom Bundesministerium f\u00fcr Forschung, Technologie und Raumfahrt (BMFTR) gef\u00f6rdert. <\/p>\n<p><strong>Programm:<\/strong><\/p>\n<p><strong>Wege durch Komplexit\u00e4t: Ein relationaler Auftakt <\/strong><br \/>\nImpuls <strong>Relationen<\/strong><br \/>\nSimone Treiber (interculture.de e.V.) <\/p>\n<p><strong>Relationen gestalten: Interkulturelle Kompetenz und kulturelle Komplexit\u00e4t neu imaginieren<\/strong><\/p>\n<p>Keynote <strong>A Relational Approach to Glocal Intercultural Competence<\/strong><br \/>\nLily Arasaratnam-Smith (Alphacrucis University College, Australia) im Gespr\u00e4ch mit Daniela Gr\u00f6schke (Friedrich-Schiller-Universit\u00e4t Jena)<\/p>\n<p>Panel: <strong>Embracing a Relational Paradigm to Navigate Cultural Complexity<\/strong><br \/>\nModeration: Kirsten Nazarkiewicz (Hochschule Fulda), Julika Baumann Montecinos (Hochschule Furtwangen), Tobias Gr\u00fcnfelder (Zeppelin University)<\/p>\n<li><strong>Social Cohesion and Cultural Sensitivity in a Multicultural Nursing Home. A Relational Approach from a Communication Theory Perspective<\/strong><br \/>\nRafael Mollenhauer (Universit\u00e4t Duisburg-Essen)<\/li>\n<li><strong>Interaction first &#8211; Die Synergie zwischen transkulturellem Lernen und Focusing<\/strong><br \/>\nSabine Aydt (Wien)<\/li>\n<li><strong>Kulturelle Komplexit\u00e4t und globales Lernen in Schulen: Erforschung von Beziehungen durch LEGO Serious Play\u00ae<\/strong><br \/>\nDaniela Gr\u00f6schke (Friedrich-Schiller-Universit\u00e4t Jena)<\/li>\n<p><\/p>\n<p><strong>Verflechtungen: Interkulturalit\u00e4t postdigital denken<\/strong><br \/>\nPanel <strong>New Perspectives on (Digital) Interculturality<\/strong><\/p>\n<li><strong>Platformisation, Agency and Patterns of Exclusion: Centring and Contextualising (Un)realised Contacts<\/strong><br \/>\nFergal Lenehan (Friedrich-Schiller-Universit\u00e4t Jena)<\/li>\n<li><strong>Theoretical Perspectives on (Inter)culturality: Zooming in on the Postdigital Lifeworld<\/strong><br \/>\nLuisa Conti (Friedrich-Schiller-Universit\u00e4t Jena)<\/li>\n<li><strong>Empirical Insights into Digital (Inter)culturality: Examining Social E-maginaries Through Everyday (Post)Digital Practices<\/strong><br \/>\nYolanda L\u00f3pez Garc\u00eda (Technische Universit\u00e4t Chemnitz)<\/li>\n<p>(<a href=\"https:\/\/redico.eu\/wp-content\/uploads\/2025\/10\/Graphic-recording-image-scaled.jpg\" target=\"_blank\" rel=\"noopener\">Graphic Recording Dokumentation des Panels<\/a> von Alessandro Donati von der Bangherang Kooperative)<\/p>\n<p><\/p>\n<p><strong>Relationen gestalten: Raum f\u00fcr gemeinsames Lernen<\/strong><br \/>\n<strong>Vom Verstehen ins Gestalten: Relationale Kompetenzen mit den Inner Development Goals entfalten <\/strong> Claudia Heinrich (interculture.de e.V.,Hochschule f\u00fcr Angewandte Wissenschaften Hamburg)<\/strong><\/p>\n<p>\n<strong>Neue R\u00e4ume er\u00f6ffnen<\/strong><br \/>\nEr\u00f6ffnung des Centre for Digital Interculturality Studies[\/et_pb_accordion_item][et_pb_accordion_item title=&#8220;Konferenz %22Digital Pasts and Futures: Internet Histories, Digital Interculturality and Reimagining Digitality%22 (online 23.-24. Juni 2025)&#8220; _builder_version=&#8220;4.27.2&#8243; _module_preset=&#8220;default&#8220; global_colors_info=&#8220;{}&#8220; open=&#8220;off&#8220;]Die vierte ReDICo-Konferenz \u201eDigital Pasts and Futures: Internet Histories, Digital Interculturality and Reimagining Digitality\u201c fand am 23. und 24. Juni 2025 online statt.<br \/>\nDie Tagung brachte Wissenschaftler*innen zusammen, die sich mit Internet Histories, digitalen Zuk\u00fcnften und digitaler Interkulturalit\u00e4t besch\u00e4ftigen, um eine Diskussion dar\u00fcber anzuregen, wie sich Digitalit\u00e4t neu denken\/reimaginieren l\u00e4sst.<\/p>\n<p>Die Veranstaltung wurde vom Bundesministerium f\u00fcr Forschung, Technologie und Raumfahrt (BMFTR) gef\u00f6rdert.<\/p>\n<p><strong>Pr\u00e4sentationen<\/strong><\/p>\n<p><\/p>\n<p>23. Juni 2025<\/p>\n<li><span style=\"font-weight: 400;\">Helle Strandgaard-Jensen (University of Aarhus)<br \/><\/span><em><span style=\"font-weight: 400;\">Inter-linked Imaginaries and the Early Web for Kids<\/span> (verf\u00fcgbar auf\u00a0<a href=\"https:\/\/youtu.be\/4XtdzMFpF8o\" target=\"_blank\" rel=\"noopener\">YouTube<\/a>)<\/li>\n<li><span style=\"font-weight: 400;\">Martin Munke  (S\u00e4chsische Staats- und Universit\u00e4tsbibliothek Dresden\/Technische Universit\u00e4t Dresden)<br \/><\/span><span style=\"font-weight: 400;\"><em>The Paradox of Place, or: Digital Boundaries in a Borderless World? Regional History Web Portals as Media of Transregionality and Transculturality<\/em> <\/span> (verf\u00fcgbar auf\u00a0<a href=\"https:\/\/youtu.be\/8MU0Oe5UKjk\" target=\"_blank\" rel=\"noopener\">YouTube<\/a>)<\/li>\n<li><span style=\"font-weight: 400;\">Anna Nacher (Jagiellonian University, Krak\u00f3w)<br \/><\/span><span style=\"font-weight: 400;\"><em>Digital Infrastructures at the End of the World: What has Melted into the Air, Needs to be Re-Captured<\/em><\/span> (verf\u00fcgbar auf\u00a0<a href=\"https:\/\/youtu.be\/ntpYGn0iSNk\" target=\"_blank\" rel=\"noopener\">YouTube<\/a>)<\/li>\n<li><span style=\"font-weight: 400;\">Emilian Franco ( Universit\u00e4t der Bundeswehr M\u00fcnchen)<br \/><\/span><span style=\"font-weight: 400;\"><em>AI and Interculturality: The Brazilian Discourse on AI Development<\/em><\/span> (verf\u00fcgbar auf\u00a0<a href=\"https:\/\/youtu.be\/RQ1QKK82Nuc?si=dse4HYWALXH9OKMN\" target=\"_blank\" rel=\"noopener\">YouTube<\/a>)<\/li>\n<li><span style=\"font-weight: 400;\">Freyja van den Boom (University of Antwerp)<br \/><\/span><span style=\"font-weight: 400;\"><em>Reimagining Digitality Through Causal Layered Tetrad Analysis (CLTA): A Critical Framework for AI Governance<\/em> <\/span> (verf\u00fcgbar auf\u00a0<a href=\"https:\/\/youtu.be\/Ndp8dKX_pjM\" target=\"_blank\" rel=\"noopener\">YouTube<\/a>)<\/li>\n<li><span style=\"font-weight: 400;\">Ekaterina Senina (Hochschule Hamm-Lippstadt)<br \/><\/span><span style=\"font-weight: 400;\"><em>The Yoshi-P Effect: Parasocial Relationships and In-Game Culture in Final Fantasy XIV<\/em><\/span> (verf\u00fcgbar auf\u00a0<a href=\"https:\/\/youtu.be\/GRBHBFaJFZM\" target=\"_blank\" rel=\"noopener\">YouTube<\/a>)<\/li>\n<li><span style=\"font-weight: 400;\">Luisa Conti (Friedrich-Schiller-Universit\u00e4t Jena)<br \/><\/span><span style=\"font-weight: 400;\"><em>The &#8211; Possibly Transformative &#8211; Digital Transformation of Education<\/em><\/span> (verf\u00fcgbar auf\u00a0<a href=\"https:\/\/youtu.be\/ty-7zvWLEVU\" target=\"_blank\" rel=\"noopener\">YouTube<\/a>)<\/li>\n<li><span style=\"font-weight: 400;\">Tom\u00e1s Cajueiro (independent scholar)<br \/><\/span><span style=\"font-weight: 400;\"><em>Decolonizing Digital Geographies: Journalism and the Creation of possible Imaginaries<\/em><\/span> (verf\u00fcgbar auf\u00a0<a href=\"https:\/\/youtu.be\/P7-kFVrO9Kk\" target=\"_blank\" rel=\"noopener\">YouTube<\/a>)<\/li>\n<li><span style=\"font-weight: 400;\">Yolanda L\u00f3pez Garc\u00eda (Technische Universit\u00e4t Chemnitz)<br \/><\/span><span style=\"font-weight: 400;\"><em>Content Creators and the Reconfiguration of Digital Interculturality<\/em><\/span> (verf\u00fcgbar auf\u00a0<a href=\"https:\/\/youtu.be\/6Kjs0Ntyevk\" target=\"_blank\" rel=\"noopener\">YouTube<\/a>)<\/li>\n<li><span style=\"font-weight: 400;\">Ethan Zuckerman (University of Massachusetts Amherst)<br \/><\/span><span style=\"font-weight: 400;\"><em>The Quotidian Web: The Long Tail of Online Video and the Accidental Archive<\/em><\/span> (verf\u00fcgbar auf\u00a0<a href=\"https:\/\/youtu.be\/CmrHTw-CjWQ\" target=\"_blank\" rel=\"noopener\">YouTube<\/a>)<\/li>\n<p><\/p>\n<p>24. Juni 2025<\/p>\n<p><\/p>\n<li><span style=\"font-weight: 400;\">Val\u00e9rie Schafer (University of Luxembourg)<br \/><\/span><span style=\"font-weight: 400;\"><em>Revisiting Internet Histories through Interculturality<\/em><\/span> (verf\u00fcgbar auf\u00a0<a href=\"https:\/\/youtu.be\/ALmh1XAXb8Y\" target=\"_blank\" rel=\"noopener\">YouTube<\/a>)<\/li>\n<li><span style=\"font-weight: 400;\">Nathalie Fridzema (University of Groningen) and Anya Shchetvina (Humboldt Universit\u00e4t Berlin)<br \/><\/span><span style=\"font-weight: 400;\"><em>Nostalgia, DIY, and Internet Critique: The Emergence of the \u2018Vernacular Web\u2019 as an Imaginary of Alternative Digital Futures<\/em><\/span> (verf\u00fcgbar auf\u00a0<a href=\"https:\/\/youtu.be\/MKeRmRJsMtg\" target=\"_blank\" rel=\"noopener\">YouTube<\/a>)<\/li>\n<li><span style=\"font-weight: 400;\">Julia Polyck-O&#8217;Neill (Memorial University of Newfoundland)<br \/><\/span><span style=\"font-weight: 400;\"><em>Epistemic Uncertainty: \u2018Junk Data,\u2019 Digital Futures, and the Intercultural Limits of Big Data Management in the Artist Archive<\/em><\/span> (verf\u00fcgbar auf\u00a0<a href=\"https:\/\/youtu.be\/QLiHTbEJcEs\" target=\"_blank\" rel=\"noopener\">YouTube<\/a>)<\/li>\n<li><span style=\"font-weight: 400;\">Tess McNulty (University of Illinois Urbana-Champaign)<br \/><\/span><span style=\"font-weight: 400;\"><em>The Uplifting Anecdote: On the Long Pre-History of a Major Viral Genre<\/em><\/span> (verf\u00fcgbar auf\u00a0<a href=\"https:\/\/youtu.be\/mUCbBZJgd0k\" target=\"_blank\" rel=\"noopener\">YouTube<\/a>)<\/li>\n<li><span style=\"font-weight: 400;\">Martina Di Tullio (University of Buenos Aires)<br \/><\/span><span style=\"font-weight: 400;\"><em>Rooting the Internet: A Local History of Communication Practices in Rural-Indigenous Jujuy Puna (Argentina)<\/em><\/span> (verf\u00fcgbar auf\u00a0<a href=\"https:\/\/youtu.be\/4UBD-2nnVzI\" target=\"_blank\" rel=\"noopener\">YouTube<\/a>)<\/li>\n<li><span style=\"font-weight: 400;\">Y. Silverman (Northwestern University \u2013 Civic Education Project)<br \/><\/span><span style=\"font-weight: 400;\"><em>A Transformative Autoethnographic Analysis of Acquaint.org\u2019s Platform<\/em><\/span> (verf\u00fcgbar auf\u00a0<a href=\"https:\/\/youtu.be\/TFeh5RAd-Q4\" target=\"_blank\" rel=\"noopener\">YouTube<\/a>)<\/li>\n<li><span style=\"font-weight: 400;\">Mareike Sch\u00fctt (Friedrich-Schiller-Universit\u00e4t Jena)<br \/><\/span><span style=\"font-weight: 400;\"><em>The Solarpunk movement as a transcultural force reimagining global connectivity, digital inclusivity, and ecological sustainability<\/em><\/span> (verf\u00fcgbar auf\u00a0<a href=\"https:\/\/youtu.be\/SUisT4gntTc\" target=\"_blank\" rel=\"noopener\">YouTube<\/a>)<\/li>\n<li><span style=\"font-weight: 400;\">Andrew Bailey (Concordia University)<br \/><\/span><span style=\"font-weight: 400;\"><em>Archiving the Self: MaddyMakesGames.com and the Digital Memory of Indie Game Development<\/em><\/span> (verf\u00fcgbar auf\u00a0<a href=\"https:\/\/youtu.be\/kqK9qSm_zuU\" target=\"_blank\" rel=\"noopener\">YouTube<\/a>)<\/li>\n<li><span style=\"font-weight: 400;\">Ramesh Srinivasan (University of California, Los Angeles)<br \/><\/span><span style=\"font-weight: 400;\"><em>Beyond Fragmentation &#8211; A Path for Technology to Support our Collective Futures<\/em><\/span> (verf\u00fcgbar auf\u00a0<a href=\"https:\/\/youtu.be\/E4O72b5C62c\" target=\"_blank\" rel=\"noopener\">YouTube<\/a>)<\/li>\n<p>[\/et_pb_accordion_item][et_pb_accordion_item title=&#8220;EC2U &#038; ReDICo Webinar %22Serious Games in Higher Education%22 (online 10. April 2025)&#8220; _builder_version=&#8220;4.27.2&#8243; _module_preset=&#8220;default&#8220; global_colors_info=&#8220;{}&#8220; open=&#8220;off&#8220;]Am 10. April 2025 veranstalteten die EC2U-Allianz und ReDICo das Webinar \u201eSerious Games in Higher Education: Design, Facilitate, and Reflect\u201c. Die Veranstaltung zielte darauf ab, den interdisziplin\u00e4ren Dialog \u00fcber Entwicklungsmethoden von Serious Games und die kritische Reflexion \u00fcber ihren p\u00e4dagogischen Einsatz zu f\u00f6rdern. Im Rahmen des Webinars pr\u00e4sentierten acht Vortragende von sieben EC2U-Universit\u00e4ten ihre Beitr\u00e4ge:<\/p>\n<p>1.  Luisa Conti, ReDICo Friedrich Schiller University Jena, Germany: Einf\u00fchrung (verf\u00fcgbar auf \u00a0<a href=\"https:\/\/youtu.be\/T_ATWz84K-M\" target=\"_blank\" rel=\"noopener\">YouTube<\/a>)<br \/>\n2. Luca Cavone, University of Pavia, Italy: Digital Manufacturing Concept: A Serious Game for Collaborative Innovation (verf\u00fcgbar auf <a href=\"https:\/\/youtu.be\/N65Ps3VjEDI\" target=\"_blank\" rel=\"noopener\">YouTube<\/a>)<br \/>\n3. \u0218tefan Ciob\u00e2c\u0103, Alexandru Ioan Cuza University Ia\u0219i, Romania: A Game to Learn Natural Deduction for Propositional Logic (verf\u00fcgbar auf <a href=\"https:\/\/youtu.be\/DmN2r_xYxS0\" target=\"_blank\" rel=\"noopener\">YouTube<\/a>)<br \/>\n4. Henna Vilppu, University of Turku, Finland: Applying an educational escape room in university pedagogy training \u2013  reflections on organiser experiences and participant feedback (verf\u00fcgbar auf \u00a0<a href=\"https:\/\/youtu.be\/t-CX5vbMeT0\" target=\"_blank\" rel=\"noopener\">YouTube<\/a>)<br \/>\n5. Maya Moussallieh, University of Turku, Finland: Sustainable Loops: A Card Game for Systems Thinking and Circularity (verf\u00fcgbar auf <a href=\"https:\/\/youtu.be\/uyrMsSCOuts\" target=\"_blank\" rel=\"noopener\">YouTube<\/a>)<br \/>\n6. Marta Mart\u00edn-del-Pozo, University of Salamanca, Spain: Teaching personal data protection in school settings to undergraduate education students: development of a serious game as a digital educational resource (verf\u00fcgbar auf\u00a0<a href=\"https:\/\/youtu.be\/g21UTl2N6aY\" target=\"_blank\" rel=\"noopener\">YouTube<\/a>)<br \/>\n7. Alexandra Arag\u00e3o, Luc\u00eda Mu\u00f1oz, Benito Dulce Lopes, University of Coimbra, Portugal: Transmedia gamification (verf\u00fcgbar auf\u00a0<a href=\"https:\/\/youtu.be\/kf-JrffEwZ8\" target=\"_blank\" rel=\"noopener\">YouTube<\/a>)<br \/>\n8. Vasiliki Laina, Johannes Kepler University Linz, Austria: Game (re)design in STEM teacher training programs: game design preferences (verf\u00fcgbar auf\u00a0<a href=\"https:\/\/youtu.be\/N2JXsB721fE\" target=\"_blank\" rel=\"noopener\">YouTube<\/a>)[\/et_pb_accordion_item][et_pb_accordion_item title=&#8220;Konferenz \u201cReDICo 2024 Encounters:  Interdisciplinary Perspectives on  Digital Interculturality\u201d (Jena\/online Februar &#038; M\u00e4rz 2024)&#8220; _builder_version=&#8220;4.27.2&#8243; _module_preset=&#8220;default&#8220; global_colors_info=&#8220;{}&#8220; open=&#8220;off&#8220;]<\/p>\n<div class=\"et_pb_module et_pb_text et_pb_text_1  et_pb_text_align_left et_pb_bg_layout_light\">\n<div class=\"et_pb_module et_pb_text et_pb_text_1  et_pb_text_align_left et_pb_bg_layout_light\">\n<div class=\"et_pb_text_inner\">\n<p>Digitale Praktiken wurden als Gef\u00fcge von Handlungen und digitalen Technologien definiert, die mit sozialen Zielen und sozialen Identit\u00e4ten verbunden sind. Diese Praktiken sind nicht nur digital, sondern h\u00e4ufig auch interkulturell, da die Online-Welten von Videostreaming-Plattformen, sozialen Medien und Mikroblogging, um nur einige konkrete Kontexte zu nennen, von mannigfaltigen kulturellen Diversit\u00e4ten gepr\u00e4gt sind. Doch k\u00f6nnen wir davon ausgehen, wenn der Forschungsgegenstand digitale interkulturelle Kommunikation ist, dass bestehende Definitionen von Interkulturalit\u00e4t, die urspr\u00fcnglich f\u00fcr die Beschreibung von Situationen physischer Mobilit\u00e4t und Migration konzipiert wurden, weiterhin g\u00fcltig sind? Unser erstes Ziel ist es daher, durch den Dialog zwischen Epistemologien der Linguistik und der interkulturellen Kommunikation die Erforschung digitaler Interkulturalit\u00e4t zu f\u00f6rdern. Unser zweites Ziel besteht darin, Methoden zu erforschen, die in empirischen Studien mit digitalen interkulturellen Daten eingesetzt werden k\u00f6nnen.<\/p>\n<p>Die ReDICo-Encounters beleuchten theoretische und\/oder empirische Perspektiven auf digitale interkulturelle Praktiken. Die Vortragenden treten in einen Dialog \u00fcber m\u00f6gliche theoretische und methodologische Synergiepunkte.<\/p>\n<p>\u00dcberblick \u00fcber die Encounters:<\/p>\n<p>Termin 1: 16. Februar, von 14 bis 16 Uhr (MEZ), online \u2013 ReDICo Team <a href=\"https:\/\/drive.google.com\/file\/d\/1vxlYswiAQs4bpfvQjf8boPzYw9usneJW\/view\" target=\"_blank\" rel=\"noopener\"> PowerPoint Pr\u00e4sentation ansehen<\/a><\/p>\n<p>Termin 2: 23. Februar, von 14 bis 16 Uhr (MEZ), online \u2013 Dominic Busch &amp; Rodney Jones<\/p>\n<p>Termin 3: 1. M\u00e4rz, von 14 bis 16 Uhr (MEZ), online \u2013 Zhu Hua &amp; Jannis Androutsopoulos<\/p>\n<p>Termin 4: 4. M\u00e4rz (Abend) &amp; 5. M\u00e4rz (ganzt\u00e4gig), Friedrich-Schiller-Universit\u00e4t Jena \u2013 Ben Rampton, IKS &amp; ReDICo Team<\/p>\n<p>Termin 5: 7. M\u00e4rz, von 16 bis 18 Uhr (MEZ), online \u2013 Adam Brandt &amp; Alexandra Georgakopoulou-Nunes<\/p>\n<p>Termin 6: 15. M\u00e4rz, von 14 bis 16 Uhr (MEZ), online \u2013 \u00c7i\u011fdem Bozda\u011f &amp; Daniel Nascimento Silva<\/p>\n<p>Termin 7: 22. M\u00e4rz, von 14 bis 16 Uhr (MEZ), online \u2013 ReDICo Team<\/p>\n<p><a class=\"et_pb_button\" href=\"https:\/\/drive.google.com\/file\/d\/1BqSZRekd3dYGD9DSG0K9b8PChvBI6nUK\/view?usp=sharing\" target=\"_blank\" rel=\"noopener\">Beschreibung der ReDICo 2024 Encounters (Englisch)<\/a><\/p>\n<p><a class=\"et_pb_button\" href=\"https:\/\/drive.google.com\/file\/d\/16eRvQfz_zrAHWzqk2BrwKSt2WrttBa0z\/view?usp=sharing\" target=\"_blank\" rel=\"noopener\">Programm der ReDICo 2024 Encounters<\/a><\/p>\n<p><a class=\"et_pb_button\" href=\"https:\/\/drive.google.com\/file\/d\/1Pw14ec-iKM2vOEsm9vEjKYABwbG_9eKi\/view?usp=drive_link\" target=\"_blank\" rel=\"noopener\">Kurzfassung der ReDICo 2024 Encounters<\/a><\/p>\n<p><a class=\"et_pb_button\" href=\"https:\/\/drive.google.com\/file\/d\/1fdpCojjeLmS1Fh9wyo0Y5LRsJ5VtSCZt\/view?usp=sharing\" target=\"_blank\" rel=\"noopener\">Programm des PhD-Workshops und Kolloquiums<\/a><\/p>\n<div class=\"et_pb_module et_pb_text et_pb_text_1  et_pb_text_align_left et_pb_bg_layout_light\">\n<div class=\"et_pb_text_inner\">\n<\/div>\n<\/div>\n<\/div>\n<\/div>\n<p>[\/et_pb_accordion_item][et_pb_accordion_item title=&#8220;Konferenz \u201cLifewide Learning: Transformations and New Connections in Postdigital Societies\u201d (Jena\/online 29. Juni \u2013 1. Juli 2022)&#8220; _builder_version=&#8220;4.27.2&#8243; _module_preset=&#8220;default&#8220; global_colors_info=&#8220;{}&#8220; open=&#8220;off&#8220;]<\/p>\n<div class=\"et_pb_module et_pb_text et_pb_text_1  et_pb_text_align_left et_pb_bg_layout_light\">\n<div class=\"et_pb_text_inner\">\n<p>Im Rahmen der Konferenz widmeten wir uns theoretischen Modellen und empirischen Forschungsergebnissen aus verschiedenen disziplin\u00e4ren und interdisziplin\u00e4ren Bereichen und tauschten uns \u00fcber Best Practices aus, die es uns erm\u00f6glichen zu verstehen, wie sich lebensweites Lernen in postdigitalen Gesellschaften entfaltet und welche Auswirkungen dies haben kann.<\/p>\n<\/div>\n<\/div>\n<div class=\"et_pb_module et_pb_text et_pb_text_2  et_pb_text_align_left et_pb_bg_layout_light\">\n<div class=\"et_pb_text_inner\">\n<p>Unsere Konferenz fand vom 29. Juni bis zum 01. Juli 2022 statt.<\/p>\n<p><span dir=\"ltr\" role=\"presentation\">29. Juni 2022: online<\/span><br role=\"presentation\" \/><span dir=\"ltr\" role=\"presentation\">30. Juni 2022: hybrid (online &amp; vor Ort, in den Dornburger Schl\u00f6ssern, nahe Jena)<\/span><br role=\"presentation\" \/><span dir=\"ltr\" role=\"presentation\">1. Juli 2022: vor Ort, in den Dornburger Schl\u00f6ssern, nahe Jena.<\/span><\/p>\n<\/div>\n<p>Es fanden sowohl Vortr\u00e4ge auf Deutsch als auch auf Englisch statt.<\/p>\n<p>Die Teilnahme am gesamten Rahmenprogramm war aufgrund der F\u00f6rderung durch den BMBF kostenfrei.<\/p>\n<p><strong>Pr\u00e4sentationen<\/strong><\/p>\n<p>Mittwoch, 29. Juni 2022<\/p>\n<ul>\n<li>Fergal Lenehan &amp; Luisa Conti (University of Jena, ReDICo)<br \/><em><a href=\"https:\/\/redico.eu\/wp-content\/uploads\/2022\/07\/Intro-ReDICo-29June-1.pdf\" target=\"_blank\" rel=\"noopener\">Welcome to the Conference and an Introduction to ReDICo, 29 June 2022<\/a> <\/em>(verf\u00fcgbar auf <a href=\"https:\/\/youtu.be\/jifXmI2TzRY\" target=\"_blank\" rel=\"noopener\">YouTube<\/a>)<\/li>\n<li>Nektaria Palaiologou (Hellenic Open University)<br \/><em>Intercultural Communication and Digital Education during the Covid 19 Pandemic: Inclusion or Exclusion? <\/em>(access on request)<\/li>\n<li>Eleni Antoniadou, Nektaria Palaiologou, Zoe Karanikola (Hellenic Open University)<br \/><a href=\"https:\/\/redico.eu\/wp-content\/uploads\/2022\/07\/Antoniadou_et_al_neu.pdf\" target=\"_blank\" rel=\"noopener\"><em>Challenges Teachers Face and the Need for Digital Resources <\/em><\/a>(verf\u00fcgbar auf <a href=\"https:\/\/youtu.be\/PAIYT8lvrMU\" target=\"_blank\" rel=\"noopener\">YouTube<\/a>)<\/li>\n<li>Siobh\u00e1n Brownlie (Le Mans University, University of Manchester)<br \/><a href=\"https:\/\/redico.eu\/wp-content\/uploads\/2022\/07\/S.-Brownlie-Global-Classroom-Life-wide-Learning.pptx.pdf\" target=\"_blank\" rel=\"noopener\"><em>&#8218;Global Classroom&#8216;: Postdigital Connecting across Continents<\/em><\/a> (verf\u00fcgbar auf <a href=\"https:\/\/youtu.be\/g_8oOnmRzcM\" target=\"_blank\" rel=\"noopener\">YouTube<\/a>)<\/li>\n<li>Milene Mendes de Oliveira, Mario Antonio Tuccillo (University of Potsdam, ReDICo)<br \/><a href=\"https:\/\/redico.eu\/wp-content\/uploads\/2022\/07\/Mendes-de-Oliveira_Tuccillo_presentation_new.pdf\" target=\"_blank\" rel=\"noopener\"><em>Learning and Participation in the Online Intercultural Game Megacities<\/em><\/a> (verf\u00fcgbar auf <a href=\"https:\/\/youtu.be\/XuByRulmMDU\" target=\"_blank\" rel=\"noopener\">YouTube<\/a>)<\/li>\n<li>Christine Fenech, Janice Darmanin (Institute For Education Malta, KIDS4ALLL), Luisa Conti, Klara R\u00e4thel (University of Jena, KIDS4ALLL)<br \/><a href=\"https:\/\/redico.eu\/wp-content\/uploads\/2022\/07\/Prese_IFE-UNIJENA_ReDICo-Conference.pdf\" target=\"_blank\" rel=\"noopener\"><em>Peer Learning Buddies \u2013 Building an Inclusive Learning Environment for Migrant and Non-Migrant Students<\/em><\/a> (verf\u00fcgbar auf <a href=\"https:\/\/youtu.be\/1bmbVIa4kVo\" target=\"_blank\" rel=\"noopener\">YouTube<\/a>)<\/li>\n<li>Tanja Schroot, Giulia Maria Cavaletto, Roberta Ricucci (University of Torino)<br \/><a href=\"https:\/\/redico.eu\/wp-content\/uploads\/2022\/07\/Schroot_Ricucci_Cavaletto_neu.pdf\" target=\"_blank\" rel=\"noopener\"><em>Digital Competences in the Educational Sphere: Knowledge \u2013 Skills \u2013 Attitudes \u2013 A Case from Italy<\/em><\/a><\/li>\n<li>Roman Lietz, Magdalena Loska (University of Mainz, ReDICo)<br \/><a href=\"https:\/\/redico.eu\/wp-content\/uploads\/2022\/07\/Lietz_Loska_neu.pdf\" target=\"_blank\" rel=\"noopener\"><em>&#8222;Integration Takes Place On-Site&#8220; \u2013 An Integration Paradigm on the (Postdigital) Test Bench<\/em><\/a> (verf\u00fcgbar auf <a href=\"https:\/\/www.youtube.com\/watch?v=4YyJ72TpnfM&amp;feature=youtu.be\" target=\"_blank\" rel=\"noopener\">YouTube<\/a>)<\/li>\n<li>Virginia Signorini (Independent Researcher)<br \/><a href=\"https:\/\/redico.eu\/wp-content\/uploads\/2022\/08\/Signorini_neu.pdf\" target=\"_blank\" rel=\"noopener\"><em>When Devices Divide \u2013 Accessing Education in Covid Time for Migrants and Refugees Students across Europe<\/em><\/a> (verf\u00fcgbar auf <a href=\"https:\/\/youtu.be\/1XDs4tDANAg\" target=\"_blank\" rel=\"noopener\">YouTube<\/a>)<\/li>\n<li>Marina Karkouli, Georgios Panagiotopoulos, Zoe Karanikola (University of Patras)<br \/><a href=\"https:\/\/redico.eu\/wp-content\/uploads\/2022\/07\/Karkouli_et_al_neu.pdf\" target=\"_blank\" rel=\"noopener\"><em>Teachers&#8216; perceptions on the 4th Industrial Revolution and Digital Transformation<\/em><\/a> (verf\u00fcgbar auf <a href=\"https:\/\/youtu.be\/_9Ba93ixbCQ\" target=\"_blank\" rel=\"noopener\">YouTube<\/a>)<\/li>\n<li>Fergal Lenehan (University of Jena, ReDICo)<br \/><a href=\"https:\/\/redico.eu\/wp-content\/uploads\/2022\/07\/Lenehan_Learning_by_Scrolling-1.pdf\" target=\"_blank\" rel=\"noopener\"><em>Learning by Scrolling? The Twitter Thread as Cosmopolitan Potentiality and Lifewide Informative Textual Offer<\/em><\/a> (verf\u00fcgbar auf <a href=\"https:\/\/youtu.be\/55bDD9q1KR8\" target=\"_blank\" rel=\"noopener\">YouTube<\/a>)<\/li>\n<li>Public Reading and Discussion: Nuala O\u2019Connor (Author) with Fergal Lenehan and Lymor Goldstein<br \/><em>Includes the reading of a new commissioned short fiction text &#8222;Of Wineapples and Acorns&#8220;<\/em><em>, reacting to the topic &#8218;Digital Interculturality&#8216; <\/em>(verf\u00fcgbar auf <a href=\"https:\/\/youtu.be\/LH8bVPKmlCQ\" target=\"_blank\" rel=\"noopener\">YouTube<\/a>)<\/li>\n<\/ul>\n<p>Donnerstag, 30. Juni 2022<\/p>\n<ul>\n<li>Edlira Gugu (University of Elbasan), Ema Kristo (University of Tirana)<br \/><a href=\"https:\/\/redico.eu\/wp-content\/uploads\/2022\/07\/Edlira_und_Ema_neu.pdf\" target=\"_blank\" rel=\"noopener\"><em>Digitale Transformationskultur \u2013 Fall Albanien, Schwerpunkt Hochschulbildung<\/em><\/a><\/li>\n<li>Elisa Hofmann (University of Jena)<br \/><em>Digital Tools for Data Collection and Analysis (Workshop, <\/em>Pr\u00e4sentation auf Anfrage, verf\u00fcgbar auf <a href=\"https:\/\/youtu.be\/1zZNa3r9Ewk\" target=\"_blank\" rel=\"noopener\">YouTube<\/a>)<\/li>\n<li>Judith Wolf (University of Jena)<br \/><em>Novel Virtual Communication in Times of Crisis: Insights into Learning Processes of Hospital Employees during the COVID-19 Pandemic<\/em><\/li>\n<li>Pia Diergarten (University of Jena)<br \/><a href=\"https:\/\/redico.eu\/wp-content\/uploads\/2022\/07\/Bildung-and-AI_Diergarten_ReDiCo2022.pptx-1.pdf\" target=\"_blank\" rel=\"noopener\"><em>&#8218;Bildung&#8216; and Artificial Intelligence \u2013 Anthropological Aspects Concerning Higher Education<\/em><\/a> (verf\u00fcgbar auf <a href=\"https:\/\/youtu.be\/kl9zWYAxSgc\" target=\"_blank\" rel=\"noopener\">YouTube<\/a>)<\/li>\n<li>Rawan Tahboub (University of Jena)<br \/><em>Virtual Exchange as a Mechanism for Digital Education<\/em><\/li>\n<li>Shayan Aqdas (City Postgraduate College for Women, Punjab)<br \/><em>The Impact of Online Classes on Students\u2019 Learning in the Context of Covid-19 in Pakistan<\/em><\/li>\n<li>Vlasis Manolias (Hellenic Open University)<br \/><a href=\"https:\/\/cloud.uni-jena.de\/s\/5XXXyEjJxB8egGi\" target=\"_blank\" rel=\"noopener\"><em>An Overview of E-Learning Platforms for Learning Greek as a Second\/Foreign Language: Linguistic and Non-Linguistic Evaluation<\/em><\/a> (verf\u00fcgbar auf <a href=\"https:\/\/youtu.be\/GEvKjRY1hxw\" target=\"_blank\" rel=\"noopener\">YouTube<\/a>)<\/li>\n<\/ul>\n<p>Freitag, 01. Juli 2022<\/p>\n<ul>\n<li>Fergal Lenehan (FSU Jena, ReDICo)<br \/><em><a href=\"https:\/\/redico.eu\/wp-content\/uploads\/2022\/07\/Einfuehrung_ReDICo_1-7-22.pdf\" target=\"_blank\" rel=\"noopener\">Welcome to the Conference, 01 July 2022<\/a><\/em><\/li>\n<li>Luisa Conti (FSU Jena, ReDICo)<br \/><a href=\"https:\/\/redico.eu\/wp-content\/uploads\/2022\/07\/Vortrag_LifewideLearning_Conti.pdf\" target=\"_blank\" rel=\"noopener\"><em>Lifewide Learning \u2013 When Transcultural Learning Becomes Ubiquitous<\/em><\/a><br \/><a href=\"https:\/\/redico.eu\/wp-content\/uploads\/2022\/07\/1-LUISA-CONTI-scaled.jpg\"><img decoding=\"async\" loading=\"lazy\" class=\"alignnone wp-image-2624 size-medium\" src=\"https:\/\/redico.eu\/wp-content\/uploads\/2022\/07\/1-LUISA-CONTI-300x212.jpg\" alt=\"\" width=\"300\" height=\"212\" \/><\/a><\/li>\n<li>Emilian Franco (LMU M\u00fcnchen)<br \/><a href=\"https:\/\/redico.eu\/wp-content\/uploads\/2022\/07\/Franco_presentation_new.pdf\" target=\"_blank\" rel=\"noopener\"><em>Learning to Code on Open Source Platforms: About the Need for a &#8222;Digital-Autocratic&#8220; Mindset<\/em><\/a><br \/><a href=\"https:\/\/redico.eu\/wp-content\/uploads\/2022\/07\/2-EMILIAN-FRANCO-scaled.jpg\"><img decoding=\"async\" loading=\"lazy\" class=\"alignnone wp-image-2625 size-medium\" src=\"https:\/\/redico.eu\/wp-content\/uploads\/2022\/07\/2-EMILIAN-FRANCO-300x212.jpg\" alt=\"\" width=\"300\" height=\"212\" \/><\/a><\/li>\n<li>Claus Ehrhardt (Universit\u00e4t Urbino)<br \/><em><a href=\"https:\/\/cloud.uni-jena.de\/s\/SwBXrpedHkeXyoz\" target=\"_blank\" rel=\"noopener\">Sprechhandlungen in \u00f6ffentlichen R\u00e4umen \u2013 Eindr\u00fccke von einem binationalen Seminar in hybridem Format<\/a><br \/><a href=\"https:\/\/redico.eu\/wp-content\/uploads\/2022\/07\/3-CLAUS-EHRHARDT-scaled.jpg\"><img decoding=\"async\" loading=\"lazy\" class=\"wp-image-2626 alignnone size-medium\" src=\"https:\/\/redico.eu\/wp-content\/uploads\/2022\/07\/3-CLAUS-EHRHARDT-300x212.jpg\" alt=\"\" width=\"300\" height=\"212\" \/><\/a><\/em><\/li>\n<li>Nicole Brandstetter (Hochschule M\u00fcnchen)<br \/><em>Interkulturelles Wirtschaftsenglisch im Wandel \u2013 Ergebnisse einer Befragung im Rahmen des Masterstudienprogramms \u201eSystems Engineering\u201c<br \/><a href=\"https:\/\/redico.eu\/wp-content\/uploads\/2022\/07\/4-NICOLE-BRANSTETTER-scaled.jpg\"><img decoding=\"async\" loading=\"lazy\" class=\"wp-image-2627 alignnone size-medium\" src=\"https:\/\/redico.eu\/wp-content\/uploads\/2022\/07\/4-NICOLE-BRANSTETTER-300x212.jpg\" alt=\"\" width=\"300\" height=\"212\" \/><\/a><\/em><\/li>\n<li>Beatrix Kre\u00df (Universit\u00e4t Hildesheim)<br \/><em><a href=\"https:\/\/redico.eu\/wp-content\/uploads\/2022\/07\/Kress_neu.pdf\" target=\"_blank\" rel=\"noopener\">Interkulturelles Lernen im (post-)digitalen Raum: I\u2019ve become relaxed to it \u2013 Sprachliche Formen der Selbstreflexion von Lernprozessen und didaktisierende Zug\u00e4nge in Expatriate-Youtube Vlogs<\/a> (Workshop)<br \/><a href=\"https:\/\/redico.eu\/wp-content\/uploads\/2022\/07\/5-BEATRIX-KREs-scaled.jpg\"><img decoding=\"async\" loading=\"lazy\" class=\"wp-image-2630 alignnone size-medium\" src=\"https:\/\/redico.eu\/wp-content\/uploads\/2022\/07\/5-BEATRIX-KREs-300x212.jpg\" alt=\"\" width=\"300\" height=\"212\" \/><\/a><\/em><\/li>\n<li>J\u00fcrgen Bolten (FSU Jena)<br \/><a href=\"https:\/\/cloud.uni-jena.de\/s\/6N3tDcpaDc8nWX5\" target=\"_blank\" rel=\"noopener\"><em>Scimification \u2013 Affektive Einstiege in ganzheitliche virtuelle Lernprozesse<\/em><\/a><br \/><a href=\"https:\/\/redico.eu\/wp-content\/uploads\/2022\/07\/6-JURGEN-BOLTEN-scaled.jpg\"><img decoding=\"async\" loading=\"lazy\" class=\"wp-image-2629 alignnone size-medium\" src=\"https:\/\/redico.eu\/wp-content\/uploads\/2022\/07\/6-JURGEN-BOLTEN-300x212.jpg\" alt=\"\" width=\"300\" height=\"212\" \/><\/a><\/li>\n<li>Pr\u00e4sentierende Autor*innen: Daniela Gr\u00f6schke, Laura Malik, Jael In`t Veld;<br \/>Andere Autor*innen: Judith Kehl, Priscilla Krachum Ott, Maja Schachner,\u00a0 Sophie Ho\u0308lscher,\u00a0 Patricia Kle\u00dfen, Anke John<br \/><a href=\"https:\/\/redico.eu\/wp-content\/uploads\/2022\/09\/Groschke_et_al.pdf\" target=\"_blank\" rel=\"noopener\"><em>Perspectives on Diversity in Thuringian School<\/em><\/a><em><br \/><a href=\"https:\/\/redico.eu\/wp-content\/uploads\/2022\/07\/7-DANIELA-GROSCHKE-_-CIA-scaled.jpg\"><img decoding=\"async\" loading=\"lazy\" class=\"wp-image-2628 alignnone size-medium\" src=\"https:\/\/redico.eu\/wp-content\/uploads\/2022\/07\/7-DANIELA-GROSCHKE-_-CIA-300x212.jpg\" alt=\"\" width=\"300\" height=\"212\" \/><\/a><\/em><\/li>\n<li>Alina Jugenheimer (Arbeitskreis deutscher Bildungsst\u00e4tten e.V. Berlin)<br \/><a href=\"https:\/\/redico.eu\/wp-content\/uploads\/2022\/07\/Prasentation_Alina-Jugenheimer_Moglichkeiten-politischer-Bildung-online-1.pdf\" target=\"_blank\" rel=\"noopener\"><em>Rechten Online-Diskursen entgegentreten: M\u00f6glichkeiten politischer Bildung online<\/em><\/a><br \/><a href=\"https:\/\/redico.eu\/wp-content\/uploads\/2022\/07\/8-ALINA-JUGENHEIMAR-scaled.jpg\"><img decoding=\"async\" loading=\"lazy\" class=\"wp-image-2632 alignnone size-medium\" src=\"https:\/\/redico.eu\/wp-content\/uploads\/2022\/07\/8-ALINA-JUGENHEIMAR-300x212.jpg\" alt=\"\" width=\"300\" height=\"212\" \/><\/a><\/li>\n<li>Yolanda L\u00f3pez Garc\u00eda (FSU Jena)<br \/><em>Rethinking Interrelations between Lifewide Learning, Migration and the Postdigital Everyday<br \/><a href=\"https:\/\/redico.eu\/wp-content\/uploads\/2022\/07\/9-YOLANDA-LOPEZ-G-scaled.jpg\"><img decoding=\"async\" loading=\"lazy\" class=\"wp-image-2633 alignnone size-medium\" src=\"https:\/\/redico.eu\/wp-content\/uploads\/2022\/07\/9-YOLANDA-LOPEZ-G-300x212.jpg\" alt=\"\" width=\"300\" height=\"212\" \/><\/a><\/em><\/li>\n<li>Steffen H\u00f6hne (HfM Weimar)<br \/><em><a href=\"https:\/\/redico.eu\/wp-content\/uploads\/2022\/07\/Steffen-Hohne_neu.pdf\" target=\"_blank\" rel=\"noopener\">Die digitale Transformation und die Kultur \u2013 Perspektiven der Produktion, Distribution und Rezeption von kulturellen G\u00fctern und Angeboten<\/a><br \/><a href=\"https:\/\/redico.eu\/wp-content\/uploads\/2022\/07\/10-STEFFEN-HOHNE-scaled.jpg\"><img decoding=\"async\" loading=\"lazy\" class=\"wp-image-2635 alignnone size-medium\" src=\"https:\/\/redico.eu\/wp-content\/uploads\/2022\/07\/10-STEFFEN-HOHNE-300x212.jpg\" alt=\"\" width=\"300\" height=\"212\" \/><\/a><\/em><\/li>\n<\/ul>\n<p>Zeichnungen: Akemi Paz, CC-BY-NC<\/p>\n<p>&nbsp;<\/p>\n<div class=\"et_pb_text_inner\">\n<p><a class=\"et_pb_button\" href=\"https:\/\/cloud.uni-jena.de\/s\/crrmAMgd4MRbizY\" target=\"_blank\" rel=\"noopener\">mehr zur Konferenz<\/a><\/p>\n<p><a class=\"et_pb_button\" href=\"https:\/\/cloud.uni-jena.de\/s\/k7aNxb38yWcXD4x\" target=\"_blank\" rel=\"noopener\">zum Programm<\/a><\/p>\n<p><a class=\"et_pb_button\" href=\"https:\/\/cloud.uni-jena.de\/s\/d5bs2Jn3cw8iNar\" target=\"_blank\" rel=\"noopener\">zu den Abstracts<\/a><\/p>\n<\/div>\n<\/div>\n<p>[\/et_pb_accordion_item][et_pb_accordion_item title=&#8220;Konferenz \u201cCosmopolitanism in a Postdigital, Postmigrant Europe, and Beyond\u201d (online 26. Juni \u2013 7. Juli 2023)&#8220; _builder_version=&#8220;4.27.2&#8243; _module_preset=&#8220;default&#8220; global_colors_info=&#8220;{}&#8220; open=&#8220;off&#8220;]<\/p>\n<div class=\"et_pb_module et_pb_text et_pb_text_1  et_pb_text_align_left et_pb_bg_layout_light\">\n<div class=\"et_pb_text_inner\">\n<p>Kosmopolitismus ist nach wie vor eine vielschichtige und zweckdienliche Idee. Er kann beispielsweise als philosophisches Konzept oder aber als theoretisches und auch empirisches Instrument zur Beschreibung und zum Verst\u00e4ndnis unserer heutigen Gesellschaft, Kultur und Interkulturalit\u00e4t betrachtet werden. Die Kulturtheorien und empirische Forschungen sind nicht stehen geblieben und eine Reihe neuer Ideen bereichern das theoretische und empirische Inventar. Dazu geh\u00f6ren die Konzepte der Postdigitalit\u00e4t und Postmigration. Das &#8222;Post&#8220; in diesen Begriffen bezeichnet nicht etwa das Ende (von Digitalit\u00e4t oder Migration), sondern die Transformation einer Gesellschaft, die untrennbar mit Digitalit\u00e4t und Migration verwoben ist. Cramer (2014:13, 17) sieht das &#8222;Post&#8220; in Postdigitalit\u00e4t eher als eine &#8222;Fortsetzung&#8220; als einen Bruch, als Indikator f\u00fcr den chaotischen Zustand von Medien, Kunst und Design nach ihrer Digitalisierung, der die Unterscheidung zwischen alten und neuen Medien aufhebt. In \u00e4hnlicher Weise impliziert der Begriff Postmigration, dass sich die Strukturen der Gesellschaft durch Migrationsprozesse grundlegend ver\u00e4ndert haben (Foroutan 2019); vermeintlich klare Dichotomien von &#8222;Migrant:innen&#8220;\/ &#8222;Einheimischen&#8220; oder &#8222;Assimilierten&#8220; \/&#8220;Segregierten&#8220; l\u00f6sen sich auf, w\u00e4hrend etablierte Verteilungen von Ressourcen und Machtstrukturen zunehmend infrage gestellt und neu ausgehandelt werden. Dass eine (post)migrantische Gesellschaft fortw\u00e4hrend gestaltet wird und in Superdiversit\u00e4t mit kulturellen und sprachlichen Implikationen m\u00fcndet (Blommaert \/ Rampton 2011), ist eine Tatsache, akzeptiert werden muss (Foroutan 2019). Die neuen theoretischen und empirischen postmigrantischen und postdigitalen Realit\u00e4ten erfordern daher neue Perspektiven auf das Konzept des Kosmopolitismus und die damit verbundenen Vorstellungen wie beispielsweise den Europ\u00e4ismus. Diese Ideen sind, obwohl sehr gut auf europ\u00e4ische Gesellschaften und Lebenswelten anwendbar, nicht auf Europa beschr\u00e4nkt, sondern finden sich in einer Vielzahl von Kontexten wieder und k\u00f6nnen dort untersucht werden.<\/p>\n<p>Auf der Konferenz haben wir uns gemeinsam mit unserem Kooperationspartner der University of Limerick mit der Tatsache befasst, dass wir mittlerweile l\u00e4ngst in einer Realit\u00e4t leben, aus der Migration und Digitalisierung nicht mehr wegzudenken sind. Sie haben ihre Spuren in der Gesellschaft hinterlassen. Damit \u00e4ndern sich auch unsere Gedanken und Perspektiven auf Kosmopolitismus.<\/p>\n<p>Die Online-Konferenz fand im Zeitraum zwischen dem 26. Juni und dem 7. Juli 2023 statt.<\/p>\n<p><strong>Pr\u00e4sentationen<\/strong><\/p>\n<ul>\n<li><span style=\"font-weight: 400;\">Gerard Delanty (University of Sussex)<br \/><\/span><em><span style=\"font-weight: 400;\">Understanding Socio-Cultural Change Today: Reflections on Cosmopolitanism and Europeanisation<\/span>\u00a0<\/em>(verf\u00fcgbar auf <a href=\"https:\/\/youtu.be\/Tw9SUrFKSyY\" target=\"_blank\" rel=\"noopener\">YouTube<\/a>)<\/li>\n<li><span style=\"font-weight: 400;\">Fabio Mauri (DG MEME)<br \/><\/span><span style=\"font-weight: 400;\"><em>Memes, the Common Language of the European Public Sphere?<\/em> (verf\u00fcgbar auf <a href=\"https:\/\/youtu.be\/dvl3zE5MoWo\" target=\"_blank\" rel=\"noopener\">YouTube<\/a>)<\/span><\/li>\n<li><span style=\"font-weight: 400;\">Mark Ryan (University of Limerick)<br \/><\/span><span style=\"font-weight: 400;\"><em>Queer Cosmopolitanism in a Digital Space: Narratives of Progress and Exclusionary Practices<\/em> (verf\u00fcgbar auf <a href=\"https:\/\/youtu.be\/MHjAS8SFuA0\" target=\"_blank\" rel=\"noopener\">YouTube<\/a>)<\/span><\/li>\n<li><span style=\"font-weight: 400;\">Roman Lietz (University of Mainz)<br \/><\/span><span style=\"font-weight: 400;\"><em>Educasts on Digital Cosmopolitanism<\/em> (verf\u00fcgbar auf <a href=\"https:\/\/youtu.be\/3btm2ecOAXc\" target=\"_blank\" rel=\"noopener\">YouTube<\/a>)<\/span><\/li>\n<li><span style=\"font-weight: 400;\">Maria Rieder (University of Limerick) and Marta Giralt (University of Limerick)<br \/><\/span><span style=\"font-weight: 400;\"><em>The &#8218;Tell your own Story&#8216; Project \u2013 Using Media to Develop Cosmopolitan Mindsets in a Diverse and Changing Urban Space in Ireland<\/em> (verf\u00fcgbar auf <a href=\"https:\/\/youtu.be\/xvnS_YQN27c\" target=\"_blank\" rel=\"noopener\">YouTube<\/a>)<\/span><\/li>\n<li><span style=\"font-weight: 400;\">Denise Holgu\u00edn (Universitat Pompeu Fabra, Universitat Aut\u00f2noma de Barcelona)<br \/><\/span><span style=\"font-weight: 400;\"><em>Critical Cosmopolitanism for Intercultural Language Education in the Context of Migration: A Multidimensional Understanding for Pedagogical Intervention and Data Analysis<\/em> (verf\u00fcgbar auf <a href=\"https:\/\/youtu.be\/SXG3-W0RxKQ\" target=\"_blank\" rel=\"noopener\">YouTube<\/a>)<\/span><\/li>\n<li><span style=\"font-weight: 400;\">\u00c7i\u011fdem Bozda\u011f (University of Bremen \/ University of Groningen)<br \/><\/span><span style=\"font-weight: 400;\"><em>Cosmopolitanism From Below and the Multilingual Use of Digital Media Among Young People in the Postmigrant Society<\/em> (verf\u00fcgbar auf <a href=\"https:\/\/youtu.be\/IHW6d054QNI\" target=\"_blank\" rel=\"noopener\">YouTube<\/a>)<\/span><\/li>\n<li><span style=\"font-weight: 400;\">Sandro Accogli (South Europe Youth Forum)<br \/><\/span><span style=\"font-weight: 400;\"><em>Immigration, Participation and the Post-Digital<\/em> (verf\u00fcgbar auf <a href=\"https:\/\/youtu.be\/XRSVdcE3W1M\" target=\"_blank\" rel=\"noopener\">YouTube<\/a>)<\/span><\/li>\n<li><span style=\"font-weight: 400;\">Nicholas Potter (Amadeu Antonio Stiftung)<br \/><\/span><span style=\"font-weight: 400;\"><em>Viral Hate and Digital Propaganda: Far-Right Populism Online<\/em> (verf\u00fcgbar auf <a href=\"https:\/\/youtu.be\/xCmFTQ02Ngo\" target=\"_blank\" rel=\"noopener\">YouTube<\/a>)<\/span><\/li>\n<li><span style=\"font-weight: 400;\">Alina Jugenheimer (Independent Scholar)<br \/><\/span><span style=\"font-weight: 400;\"><em>Constructions of Threat to the \u00bbVolk\u00ab in Right-Wing Online Discourses<\/em><\/span><\/li>\n<li><span style=\"font-weight: 400;\">Luisa Conti (University of Jena) and Fergal Lenehan (University of Jena)<br \/><\/span><span style=\"font-weight: 400;\"><em>Experiential Hermeneutics and Social Media: Facebook Comments and the German Newspaper Bild<\/em> (verf\u00fcgbar auf <a href=\"https:\/\/youtu.be\/ESSsq7L9FPs\" target=\"_blank\" rel=\"noopener\">YouTube<\/a>)<\/span><\/li>\n<li><span style=\"font-weight: 400;\">Simon Pistor (University of St. Gallen)<br \/><\/span><span style=\"font-weight: 400;\"><em>Varieties of Cosmopolitanism \u2013 Cultural, Constitutional, Contestative &#8211; and Social<\/em> (verf\u00fcgbar auf <a href=\"https:\/\/youtu.be\/_8W_neq3rbQ\" target=\"_blank\" rel=\"noopener\">YouTube<\/a>)<\/span><\/li>\n<li><span style=\"font-weight: 400;\">Fergal Lenehan (University of Jena)<br \/><\/span><span style=\"font-weight: 400;\"><em>Internet History, Platform History &amp; Platformisation: A Methodological Discussion<\/em> (verf\u00fcgbar auf <a href=\"https:\/\/youtu.be\/sSEQAPwO3ko\" target=\"_blank\" rel=\"noopener\">YouTube<\/a>)<\/span><\/li>\n<li><span style=\"font-weight: 400;\">Herv\u00e9 Saint Louis (Universit\u00e9 du Qu\u00e9bec)<br \/><\/span><span style=\"font-weight: 400;\"><em>Migration From Twitter: Black Mastodon&#8217;s Predicament<\/em> (verf\u00fcgbar auf <a href=\"https:\/\/youtu.be\/Hmj_ds-AXsU\" target=\"_blank\" rel=\"noopener\">YouTube<\/a>)<\/span><\/li>\n<li><span style=\"font-weight: 400;\">Emilian Franco (LMU Munich)<br \/><\/span><span style=\"font-weight: 400;\"><em>Contaminated and Cosmopolitan Imaginaries in Brazilian AI Research<\/em> (verf\u00fcgbar auf <a href=\"https:\/\/youtu.be\/VrlpciPDI5Y\" target=\"_blank\" rel=\"noopener\">YouTube<\/a>)<\/span><\/li>\n<li><span style=\"font-weight: 400;\">Naika Foroutan (Deutsches Zentrum f\u00fcr Integrations- und Migrationsforschung Berlin)<br \/><\/span><span style=\"font-weight: 400;\"><em>Migration Today and Tomorrow \u2013 Reflecting the \u201ePost-\u201c in Postmigrant Societies<\/em> (verf\u00fcgbar auf <a href=\"https:\/\/youtu.be\/Tw9SUrFKSyY\" target=\"_blank\" rel=\"noopener\">YouTube<\/a>)<\/span><\/li>\n<li><span style=\"font-weight: 400;\">Jutta Brennauer (BetterPost [Neue deutsche Medienmacher*innen])<br \/><\/span><span style=\"font-weight: 400;\"><em>Media Visibility &amp; Diversity in a Postmigrant Society<\/em> (verf\u00fcgbar auf <a href=\"https:\/\/youtu.be\/cvLjDzgIdfc\" target=\"_blank\" rel=\"noopener\">YouTube<\/a>)<\/span><\/li>\n<li><span style=\"font-weight: 400;\">Roman Lietz (University of Mainz) and Carmen Pereyra (University of Jena)<br \/><\/span><span style=\"font-weight: 400;\"><em>Unlikely Fraternities Between Argentina and Bangladesh: A Postcolonial and Postdigital Football Tale<\/em> (verf\u00fcgbar auf <a href=\"https:\/\/youtu.be\/nOjBQ3TFmUc\" target=\"_blank\" rel=\"noopener\">YouTube<\/a>)<\/span><\/li>\n<li><span style=\"font-weight: 400;\">Hong Van Nguyen (Perspektiven of Color)<br \/><\/span><span style=\"font-weight: 400;\"><em>Narratives, Participation and Social Media<\/em> (verf\u00fcgbar auf <a href=\"https:\/\/youtu.be\/zTWitjA_TzM\" target=\"_blank\" rel=\"noopener\">YouTube<\/a>)<\/span><\/li>\n<li><span style=\"font-weight: 400;\">Guillermo Echauri (Universitat Pompeu Fabra)<br \/><\/span><span style=\"font-weight: 400;\"><em>Cosmopolitanism Through the Digital Mediation of International Students in Barcelona<\/em> (verf\u00fcgbar auf <a href=\"https:\/\/youtu.be\/_FaKBIX4R2w\" target=\"_blank\" rel=\"noopener\">YouTube<\/a>)<\/span><\/li>\n<li><span style=\"font-weight: 400;\">Nick Ludwig (University of Jena)<br \/><\/span><span style=\"font-weight: 400;\"><em>Learning to Feel at Home Anywhere: Digital Experiential Learning as a Tool to Facilitate Cosmopolitanism and How Learning can be Investigated with Virtual Action Learning<\/em> (verf\u00fcgbar auf <a href=\"https:\/\/youtu.be\/AXHrOzLXkQY\" target=\"_blank\" rel=\"noopener\">YouTube<\/a>)<\/span><\/li>\n<li><span style=\"font-weight: 400;\">Milene Mendes de Oliveira (University of Potsdam)<br \/><\/span><span style=\"font-weight: 400;\"><em>Navigating Digital Interculturality on Zoom: Duelling Between Interactional Practices and Assumptions of Ideal Intercultural Interactions in Search of \u201cIntercultural Competence\u201d<\/em> (verf\u00fcgbar auf <a href=\"https:\/\/youtu.be\/Xksv92Z6JrI\" target=\"_blank\" rel=\"noopener\">YouTube<\/a>)<\/span><\/li>\n<li><span style=\"font-weight: 400;\">Andrea Barcaro (University of Lisbon)<br \/><\/span><span style=\"font-weight: 400;\"><em>Nomadic Art \u2013 Decolonising the Human and the Posthuman<\/em> (verf\u00fcgbar auf <a href=\"https:\/\/youtu.be\/B2p_x445PDQ\" target=\"_blank\" rel=\"noopener\">YouTube<\/a>)<\/span><\/li>\n<li><span style=\"font-weight: 400;\">Yolanda L\u00f3pez Garc\u00eda (Chemnitz University of Technology)<br \/><\/span><span style=\"font-weight: 400;\"><em>Exploring Whitexicans&#8216; Narratives of Europeanness in the Postdigital Field of Action<\/em> (verf\u00fcgbar auf <a href=\"https:\/\/youtu.be\/9Z7JpagmyF4\" target=\"_blank\" rel=\"noopener\">YouTube<\/a>)<\/span><\/li>\n<li><span style=\"font-weight: 400;\">Carmen Pereyra (University of Jena)<br \/><\/span><span style=\"font-weight: 400;\"><em>\u201cWhy doesn&#8217;t Argentina have more Black Players?\u201d: The Twitter Reaction to an Article Published in The Washington Post, Between Postcolonialism, Postmigratory Views and Racism Denial<\/em> (verf\u00fcgbar auf <a href=\"https:\/\/youtu.be\/UDQkqb_awjg\" target=\"_blank\" rel=\"noopener\">YouTube<\/a>)<\/span><\/li>\n<li><span style=\"font-weight: 400;\">Britta Schneider (European University Viadrina) and May Rostom (Aix-Marseille University)<br \/><\/span><span style=\"font-weight: 400;\"><em>Cosmopolitan Language Cultures and Overcoming Methodological Nationalism in Linguistics. Insights from Transnational Migrant Networks<\/em> (verf\u00fcgbar auf <a href=\"https:\/\/youtu.be\/85H-8uoEKkg\" target=\"_blank\" rel=\"noopener\">YouTube<\/a>)<\/span><\/li>\n<li><span style=\"font-weight: 400;\">Bernd Meyer (University of Mainz) and Roman Lietz (University of Mainz)<br \/><\/span><span style=\"font-weight: 400;\"><em>The Cosmopolitan Promise of Translation Apps<\/em> (verf\u00fcgbar auf <a href=\"https:\/\/youtu.be\/s3kaIP3Aydw\" target=\"_blank\" rel=\"noopener\">YouTube<\/a>)<\/span><\/li>\n<li><span style=\"font-weight: 400;\">Alexa Robertson (Stockholm University)<br \/><\/span><span style=\"font-weight: 400;\"><em>Cosmopolitanism and Communication Rights in a Postdigital World<\/em> (verf\u00fcgbar auf <a href=\"https:\/\/youtu.be\/3BxINZWfWJ8\" target=\"_blank\" rel=\"noopener\">YouTube<\/a>)<\/span><\/li>\n<\/ul>\n<p><img decoding=\"async\" loading=\"lazy\" class=\"alignleft wp-image-3094 size-full\" src=\"https:\/\/redico.eu\/wp-content\/uploads\/2023\/04\/Logo_Schriftzug-Mainz-e1681314654617.png\" alt=\"\" width=\"283\" height=\"104\" \/><\/p>\n<p>&nbsp;<\/p>\n<p>&nbsp;<\/p>\n<p>&nbsp;<\/p>\n<p><a class=\"et_pb_button\" href=\"https:\/\/drive.google.com\/drive\/folders\/17xBjS8zX98aAvROPH9z6Fq5BXbLZmE6G?usp=sharing\" target=\"_blank\" rel=\"noopener\">zum Programm<\/a><\/p>\n<\/div>\n<\/div>\n<div class=\"et_pb_module et_pb_text et_pb_text_2  et_pb_text_align_left et_pb_bg_layout_light\">\n<div class=\"et_pb_text_inner\">\u00a0<\/div>\n<\/div>\n<p>[\/et_pb_accordion_item][et_pb_accordion_item title=&#8220;Einf\u00fchrungs-Symposium zu %22Interkulturalit\u00e4t in (post-)digitalen Kontexten\u201c (Jena\/online 20. September 2021)&#8220; _builder_version=&#8220;4.16&#8243; _module_preset=&#8220;default&#8220; global_colors_info=&#8220;{}&#8220; open=&#8220;off&#8220;]<\/p>\n<p>Auf diesem Symposium wurde das Projekt ReDICo eingef\u00fchrt und \u00fcber den aktuellen Stand der Wissenschaft im Bereich der Interkulturellen Kommunikation und der Internet-Studien reflektiert, sowie dar\u00fcber gesprochen, wie diese miteinander kombiniert werden k\u00f6nnen.<\/p>\n<p>Interkulturelle Sommerakademie, Online, 20. September 2021<br \/><a href=\"https:\/\/redico.eu\/wp-content\/uploads\/2021\/09\/Neues-Programm-ISA_ReDICo-20-09-21_fin.pdf\" target=\"_blank\" rel=\"noopener\">ReDICo-Symposium \u201eInterkulturalit\u00e4t in (post-)digitalen Kontexten\u201c<\/a><\/p>\n<p>9:30 Begr\u00fc\u00dfung und Vorstellung der wissenschaftlichen und strategischen Zielen des BMBF- Forschungsverbundes ReDICo (Researching Digital Interculturality Co-operatively) (Vortrag auf <a href=\"https:\/\/www.youtube.com\/watch?v=73CLhgZQWmU\" target=\"_blank\" rel=\"noopener\">YouTube<\/a>)<\/p>\n<p>9:45 Inwieweit kann Post-Digitalit\u00e4t als \u201elebensweltliche Hybridit\u00e4t\u201c verstanden werden?<br \/>Workshop \u2013 Moderation: Dr. Luisa Conti, PD Dr. Fergal Lenehan, Dr. Roman Lietz<\/p>\n<p>11:15 Pause<\/p>\n<p>11:30 Interkulturelle Studien und Internet Studien \u2013 Nebeneinander oder Miteinander?<br \/>Vortrag + Diskussion \u2013 PD Dr. Fergal Lenehan &amp; Dr. Roman Lietz (Vortrag auf <a href=\"https:\/\/www.youtube.com\/watch?v=1rpzXGkfa2E\" target=\"_blank\" rel=\"noopener\">YouTube<\/a> oder Download <a href=\"https:\/\/redico.eu\/wp-content\/uploads\/2021\/10\/Vortrag-PD.Dr_.Lenehan-Dr.Lietz-komprimiert.pdf\" target=\"_blank\" rel=\"noopener\">Pr\u00e4sentation<\/a>)<\/p>\n<p>12:15 Mittagspause<\/p>\n<p>13:15 Scimification. Affektive Einstiege in ganzheitliche virtuelle Lernprozesse<br \/>Vortrag + Diskussion \u2013 Prof. Dr. J\u00fcrgen Bolten (Vortrag auf <a href=\"https:\/\/www.youtube.com\/watch?v=GxdwolWR01Y\" target=\"_blank\" rel=\"noopener\">YouTube<\/a> oder Download Pr\u00e4sentation <a href=\"https:\/\/redico.eu\/wp-content\/uploads\/2021\/11\/Vortrag-Prof.Dr_.Bolten-Part1.pdf\" target=\"_blank\" rel=\"noopener\">Teil 1<\/a>, <a href=\"https:\/\/redico.eu\/wp-content\/uploads\/2021\/11\/Vortrag-Prof.Dr_.Bolten-Part2.pdf\" target=\"_blank\" rel=\"noopener\">Teil 2<\/a> und <a href=\"https:\/\/redico.eu\/wp-content\/uploads\/2021\/11\/Vortrag-Prof.Dr_.Bolten-Part3.pdf\" target=\"_blank\" rel=\"noopener\">Teil 3<\/a>)<\/p>\n<p>14:00 Pause<\/p>\n<p>14:15 Internationale virtuelle Zusammenarbeit. Wie entsteht ein echtes Miteinander?<br \/>Vortrag + Diskussion \u2013 Dr. Luisa Conti, Dr. Milene Mendes de Oliveira &amp; Barbara Nietzel, M.A. (Vortrag auf <a href=\"https:\/\/www.youtube.com\/watch?v=f3Mp-q82bi0\" target=\"_blank\" rel=\"noopener\">YouTube<\/a> oder Download <a href=\"https:\/\/redico.eu\/wp-content\/uploads\/2021\/10\/Vortrag-Internationale-virtuelle-Zusammenarbeit_Miteinander.pdf\" target=\"_blank\" rel=\"noopener\">Pr\u00e4sentation<\/a>)<\/p>\n<p>15:00 Pause<\/p>\n<p>15:15 Digitale Tools zur Datenerhebung und Auswertung in den Geistes- und Sozialwissenschaften<br \/>Workshop \u2013 Dr. Elisa Hofmann (Vortrag auf <a href=\"https:\/\/www.youtube.com\/watch?v=juKjCFaZYiE\" target=\"_blank\" rel=\"noopener\">YouTube<\/a> oder Download <a href=\"https:\/\/redico.eu\/wp-content\/uploads\/2021\/10\/Vortrag-Dr.Hofmann-komprimiert.pdf\" target=\"_blank\" rel=\"noopener\">Pr\u00e4sentation<\/a>)<\/p>\n<p>16:45 Pause<\/p>\n<p>17:00 \u201eOnline-Seminare interaktiv gestalten\u201c<br \/>Interaktiver Vortrag &#8211; Sabine Vana-Str\u00f6hla und Tommy Schmidt<\/p>\n<p>18:30 Informeller Austausch zum Tagesabschluss<\/p>\n<p>[\/et_pb_accordion_item][et_pb_accordion_item title=&#8220;Panel zu Interkultureller Online Kommunikation auf der GAL Konferenz (W\u00fcrzburg\/online 15.-17. September 2021)&#8220; _builder_version=&#8220;4.16&#8243; _module_preset=&#8220;default&#8220; global_colors_info=&#8220;{}&#8220; open=&#8220;off&#8220;]<\/p>\n<p>Auf der Jahrestagung der <a href=\"https:\/\/gal-wue21.de\/\" target=\"_blank\" rel=\"noopener\">Gesellschaft f\u00fcr Angewandte Linguistik<\/a> (GAL) in W\u00fcrzburg (15-17. September 2021) organisierte ReDICo ein Panel zu Digitaler Interkultureller Kommunikation f\u00fcr die Sektion Interkulturelle Kommunikation und Mehrsprachiger Diskurs. Das Programm finden Sie <a href=\"https:\/\/redico.eu\/wp-content\/uploads\/2021\/10\/GAL-full-programm.pdf\" target=\"_blank\" rel=\"noopener\">hier<\/a>.<\/p>\n<p>Alle Pr\u00e4sentationen des ReDICo-Teams finden Sie hier:<\/p>\n<p>GAL Sektionentagung 2021, Online, 15. September 2021<br \/>ReDICo-Symposium \u201eDigitale Interkulturelle Kommunikation in Wirtschaft und Kollaboration\u201c und &#8222;Digitale Interkulturelle Kommunikation in Lehre und Lernen&#8220;<\/p>\n<p>15:05 Business English as a lingua franca in intercultural simulation games via Zoom: a case study<br \/>Vortrag + Diskussion: Dr. Milene Mendes de Oliveira, Universit\u00e4t Potsdam (Download <a href=\"https:\/\/redico.eu\/wp-content\/uploads\/2021\/10\/GAL-BELF-presentation_English-as-a-business-lingua-franca.pdf\" target=\"_blank\" rel=\"noopener\">Pr\u00e4sentation<\/a>)<\/p>\n<p>17:10 Language and power: reflexions around dynamics of exclusion and self-exclusion in online role-playing games<br \/>Vortrag + Diskussion: Dr. Luisa Conti, Friedrich-Schiller-Universit\u00e4t Jena &amp; Dr. Milene Mendes de Oliveira, Universit\u00e4t Potsdam (Download <a href=\"https:\/\/redico.eu\/wp-content\/uploads\/2021\/10\/Copia-de-Prese-GAL-Milene-Luisa.pdf\" target=\"_blank\" rel=\"noopener\">Pr\u00e4sentation<\/a>)<\/p>\n<p>GAL Sektionentagung 2021, Online, 16. September 2021<br \/>ReDICo-Symposium \u201eDigitale Interkulturelle Kommunikation als Verbindung von Linguistik und Kulturstudien\u201c<\/p>\n<p>09:00 Diskursive Herstellung von Identit\u00e4t und Sozialer Koh\u00e4sion im virtuellen Raum<br \/>Vortrag + Diskussion: Dr. Roman Lietz, Universit\u00e4t Mainz (Download <a href=\"https:\/\/redico.eu\/wp-content\/uploads\/2021\/10\/Lietz-at-GAL-2021-Diskursive-Herstellung-von-Identitat-und-Sozialer-Kohasion-im-virtuellen-Raum.pdf\" target=\"_blank\" rel=\"noopener\">Pr\u00e4sentation<\/a>)<\/p>\n<p>09:30 Heimat wird Netzwerk. Reflexionen \u00fcber Diaspora-Gemeinschaften im postdigitalen Zeitalter<br \/>Vortrag + Diskussion: Dr. Luisa Conti, Universit\u00e4t Jena (Download <a href=\"https:\/\/redico.eu\/wp-content\/uploads\/2021\/10\/LuisaConti-HEIMAT-NETZWERK-topublish.pdf\" target=\"_blank\" rel=\"noopener\">Pr\u00e4sentation<\/a>)<\/p>\n<p>10:00 Intercultural Communications and Internet Studies: A Parallel Academic History, and the Need to Unite?<br \/>Vortrag + Diskussion: Dr. Fergal Lenehan, Universit\u00e4t Jena (Download <a href=\"https:\/\/redico.eu\/wp-content\/uploads\/2021\/10\/Gal-Fergal-Lenehan.pdf\" target=\"_blank\" rel=\"noopener\">Pr\u00e4sentation<\/a>)<\/p>\n<p>10:30 Pause<\/p>\n<p>16:00 WeltCaf\u00e9: Zustand und Zukunft der Digitalen Interkulturellen Kommunikation<br \/>Moderatoren: Dr. Milene Mendes de Oliveira, Universit\u00e4t Potsdam &amp; Dr. Roman Lietz, Universit\u00e4t Mainz<\/p>\n<p>&nbsp;<\/p>\n<p>&nbsp;<\/p>\n<h4 class=\"et_pb_toggle_title\">\u00a0<\/h4>\n<p>[\/et_pb_accordion_item][\/et_pb_accordion][\/et_pb_column][et_pb_column type=&#8220;1_3&#8243; _builder_version=&#8220;4.16&#8243; _module_preset=&#8220;default&#8220; global_colors_info=&#8220;{}&#8220;][\/et_pb_column][\/et_pb_row][et_pb_row column_structure=&#8220;2_3,1_3&#8243; _builder_version=&#8220;4.16&#8243; _module_preset=&#8220;default&#8220; custom_padding=&#8220;||30px||false|false&#8220; global_colors_info=&#8220;{}&#8220;][et_pb_column type=&#8220;2_3&#8243; _builder_version=&#8220;4.16&#8243; _module_preset=&#8220;default&#8220; global_colors_info=&#8220;{}&#8220;][\/et_pb_column][et_pb_column type=&#8220;1_3&#8243; _builder_version=&#8220;4.16&#8243; _module_preset=&#8220;default&#8220; global_colors_info=&#8220;{}&#8220;][\/et_pb_column][\/et_pb_row][\/et_pb_section][et_pb_section fb_built=&#8220;1&#8243; _builder_version=&#8220;4.16&#8243; _module_preset=&#8220;default&#8220; custom_padding=&#8220;25px||75px||false|false&#8220; global_colors_info=&#8220;{}&#8220;][et_pb_row column_structure=&#8220;2_3,1_3&#8243; _builder_version=&#8220;4.16&#8243; _module_preset=&#8220;default&#8220; global_colors_info=&#8220;{}&#8220;][et_pb_column type=&#8220;2_3&#8243; _builder_version=&#8220;4.16&#8243; _module_preset=&#8220;default&#8220; global_colors_info=&#8220;{}&#8220;][\/et_pb_column][et_pb_column type=&#8220;1_3&#8243; _builder_version=&#8220;4.16&#8243; _module_preset=&#8220;default&#8220; global_colors_info=&#8220;{}&#8220;][\/et_pb_column][\/et_pb_row][et_pb_row _builder_version=&#8220;4.16&#8243; _module_preset=&#8220;default&#8220; global_colors_info=&#8220;{}&#8220;][et_pb_column type=&#8220;4_4&#8243; _builder_version=&#8220;4.16&#8243; _module_preset=&#8220;default&#8220; global_colors_info=&#8220;{}&#8220;][et_pb_divider color=&#8220;#0D2743&#8243; divider_weight=&#8220;2px&#8220; _builder_version=&#8220;4.16&#8243; _module_preset=&#8220;default&#8220; custom_margin=&#8220;||||false|false&#8220; custom_padding=&#8220;20px||20px||false|false&#8220; global_colors_info=&#8220;{}&#8220;][\/et_pb_divider][\/et_pb_column][\/et_pb_row][et_pb_row column_structure=&#8220;2_3,1_3&#8243; _builder_version=&#8220;4.16&#8243; _module_preset=&#8220;default&#8220; global_colors_info=&#8220;{}&#8220;][et_pb_column type=&#8220;2_3&#8243; _builder_version=&#8220;4.16&#8243; _module_preset=&#8220;default&#8220; global_colors_info=&#8220;{}&#8220;][\/et_pb_column][et_pb_column type=&#8220;1_3&#8243; _builder_version=&#8220;4.16&#8243; _module_preset=&#8220;default&#8220; global_colors_info=&#8220;{}&#8220;][\/et_pb_column][\/et_pb_row][\/et_pb_section]<\/p>\n","protected":false},"excerpt":{"rendered":"<p>ReDICo KonferenzenW\u00e4hrend der Projektlaufzeit von ReDICo wurden eine Reihe von Konferenzen organisiert. Diese verfolgten sowohl strategische Ziele, wie das Schaffen nachhaltiger nationaler und internationaler Vernetzungen, als auch wissenschaftliche Ziele, um die Perspektiven der Digitalen Interkulturalit\u00e4t aus einer theoretischen und empirischen Perspektive zu erweitern.Die Konferenz \u201eInterkulturalit\u00e4t neu imaginieren: Relationen, Komplexit\u00e4ten und Digitalit\u00e4t\u201d fand am 25. September [&hellip;]<\/p>\n","protected":false},"author":4,"featured_media":0,"parent":1041,"menu_order":1,"comment_status":"closed","ping_status":"closed","template":"","meta":{"_et_pb_use_builder":"on","_et_pb_old_content":"","_et_gb_content_width":"","footnotes":""},"_links":{"self":[{"href":"https:\/\/redico.eu\/de\/wp-json\/wp\/v2\/pages\/1756"}],"collection":[{"href":"https:\/\/redico.eu\/de\/wp-json\/wp\/v2\/pages"}],"about":[{"href":"https:\/\/redico.eu\/de\/wp-json\/wp\/v2\/types\/page"}],"author":[{"embeddable":true,"href":"https:\/\/redico.eu\/de\/wp-json\/wp\/v2\/users\/4"}],"replies":[{"embeddable":true,"href":"https:\/\/redico.eu\/de\/wp-json\/wp\/v2\/comments?post=1756"}],"version-history":[{"count":150,"href":"https:\/\/redico.eu\/de\/wp-json\/wp\/v2\/pages\/1756\/revisions"}],"predecessor-version":[{"id":6037,"href":"https:\/\/redico.eu\/de\/wp-json\/wp\/v2\/pages\/1756\/revisions\/6037"}],"up":[{"embeddable":true,"href":"https:\/\/redico.eu\/de\/wp-json\/wp\/v2\/pages\/1041"}],"wp:attachment":[{"href":"https:\/\/redico.eu\/de\/wp-json\/wp\/v2\/media?parent=1756"}],"curies":[{"name":"wp","href":"https:\/\/api.w.org\/{rel}","templated":true}]}}