{"id":2406,"date":"2022-05-25T13:39:08","date_gmt":"2022-05-25T11:39:08","guid":{"rendered":"https:\/\/redico.eu\/?page_id=2406"},"modified":"2025-09-29T10:17:43","modified_gmt":"2025-09-29T08:17:43","slug":"pressespiegel","status":"publish","type":"page","link":"https:\/\/redico.eu\/de\/pressespiegel\/","title":{"rendered":"Pressespiegel"},"content":{"rendered":"<p>[et_pb_section fb_built=&#8220;1&#8243; admin_label=&#8220;Feed-Section&#8220; module_class=&#8220;bg-gradient-news dark-bg&#8220; _builder_version=&#8220;4.16&#8243; _module_preset=&#8220;default&#8220; background_enable_color=&#8220;off&#8220; background_color_gradient_direction=&#8220;45deg&#8220; custom_padding=&#8220;75px||75px||false|false&#8220; global_colors_info=&#8220;{}&#8220;][et_pb_row column_structure=&#8220;1_2,1_2&#8243; use_custom_gutter=&#8220;on&#8220; gutter_width=&#8220;2&#8243; _builder_version=&#8220;4.16&#8243; _module_preset=&#8220;default&#8220; custom_margin=&#8220;||||false|false&#8220; custom_padding=&#8220;||||false|false&#8220; custom_css_main_element=&#8220;display:flex;&#8220; global_colors_info=&#8220;{}&#8220;][et_pb_column type=&#8220;1_2&#8243; _builder_version=&#8220;4.16&#8243; _module_preset=&#8220;default&#8220; custom_css_main_element=&#8220;margin:auto;&#8220; global_colors_info=&#8220;{}&#8220;][et_pb_text admin_label=&#8220;Headline&#8220; _builder_version=&#8220;4.16.0&#8243; _module_preset=&#8220;default&#8220; global_colors_info=&#8220;{}&#8220;]<\/p>\n<h1>Pressespiegel<\/h1>\n<p>[\/et_pb_text][\/et_pb_column][et_pb_column type=&#8220;1_2&#8243; _builder_version=&#8220;4.16&#8243; _module_preset=&#8220;default&#8220; global_colors_info=&#8220;{}&#8220;][et_pb_image src=&#8220;https:\/\/redico.eu\/wp-content\/uploads\/2021\/06\/line-art-news.svg&#8220; title_text=&#8220;line-art-news&#8220; _builder_version=&#8220;4.16&#8243; _module_preset=&#8220;default&#8220; custom_margin=&#8220;||||false|false&#8220; global_colors_info=&#8220;{}&#8220;][\/et_pb_image][\/et_pb_column][\/et_pb_row][\/et_pb_section][et_pb_section fb_built=&#8220;1&#8243; _builder_version=&#8220;4.16&#8243; _module_preset=&#8220;default&#8220; custom_padding=&#8220;75px||75px||false|false&#8220; global_colors_info=&#8220;{}&#8220;][et_pb_row _builder_version=&#8220;4.16&#8243; _module_preset=&#8220;default&#8220; custom_margin=&#8220;||50px||false|false&#8220; global_colors_info=&#8220;{}&#8220;][et_pb_column type=&#8220;4_4&#8243; _builder_version=&#8220;4.16&#8243; _module_preset=&#8220;default&#8220; global_colors_info=&#8220;{}&#8220;][et_pb_text _builder_version=&#8220;4.16.0&#8243; _module_preset=&#8220;default&#8220; global_colors_info=&#8220;{}&#8220;]<\/p>\n<p>Hier finden Sie Artikel, Berichte und Pressemitteilungen \u00fcber unser Projekt.<\/p>\n<p>[\/et_pb_text][\/et_pb_column][\/et_pb_row][et_pb_row column_structure=&#8220;2_3,1_3&#8243; _builder_version=&#8220;4.16&#8243; _module_preset=&#8220;default&#8220; custom_padding=&#8220;50px||50px||false|false&#8220; locked=&#8220;off&#8220; global_colors_info=&#8220;{}&#8220;][et_pb_column type=&#8220;2_3&#8243; _builder_version=&#8220;4.16&#8243; _module_preset=&#8220;default&#8220; global_colors_info=&#8220;{}&#8220;][et_pb_accordion open_toggle_text_color=&#8220;#0D2743&#8243; open_toggle_background_color=&#8220;#f8f8f8&#8243; closed_toggle_text_color=&#8220;#0D2743&#8243; closed_toggle_background_color=&#8220;#f8f8f8&#8243; admin_label=&#8220;Accordion&#8220; _builder_version=&#8220;4.27.2&#8243; _module_preset=&#8220;default&#8220; toggle_text_color=&#8220;#0D2743&#8243; toggle_level=&#8220;h4&#8243; hover_enabled=&#8220;0&#8243; locked=&#8220;off&#8220; global_colors_info=&#8220;{}&#8220; sticky_enabled=&#8220;0&#8243;][et_pb_accordion_item title=&#8220;September 2025: %22Einzigartig: das neue ReDICo-Zentrum f\u00fcr Digitale Interkulturalit\u00e4t in Jena%22 (BMFTR)&#8220; open=&#8220;on&#8220; _builder_version=&#8220;4.27.2&#8243; _module_preset=&#8220;default&#8220; hover_enabled=&#8220;0&#8243; global_colors_info=&#8220;{}&#8220; sticky_enabled=&#8220;0&#8243;]<\/p>\n<p><i><span style=\"font-weight: 400;\">Am 25. September 2025 er\u00f6ffnet an der Friedrich-Schiller-Universit\u00e4t Jena das ReDICo-Centre for Digital Interculturality Studies, begleitet von der Konferenz \u201eInterkulturalit\u00e4t neu imaginieren\u201c. Wie es dem BMFTR-Projekt ReDICo gelungen ist, das Kleine Fach Interkulturelle Kommunikation neu auszurichten, erfahren Sie hier.<\/span><\/i><\/p>\n<p><span style=\"font-weight: 400;\">Mit der Verlagerung der Kommunikation ins Netz hat sich das Kleine Fach Interkulturelle Kommunikation weiterentwickelt, zu einem neuen, hochaktuellen Forschungsfeld: Digitale Interkulturalit\u00e4t untersucht, wie soziale Medien, digitale Plattformen oder algorithmisch gesteuerte \u00d6ffentlichkeiten Identit\u00e4ten und Kulturen formen.<\/span><span style=\"font-weight: 400;\"><br \/><\/span><span style=\"font-weight: 400;\"><br \/><\/span><span style=\"font-weight: 400;\">Das vom BMBF im Rahmen der F\u00f6rderlinie \u201eKleine F\u00e4cher \u2013 Zusammen stark\u201c von 2020 bis 2024 finanzierte Projekt \u201cReDICo: Researching Digital Interculturality Co-operatively\u201d hat  einen Paradigmenwechsel hin zur Digitalen Interkulturalit\u00e4t angesto\u00dfen: Dieser Ansatz versteht Interkulturalit\u00e4t als allt\u00e4gliche Erfahrung, die durch die allgegenw\u00e4rtige Pr\u00e4senz des Internets gepr\u00e4gt wird. Das Digitale als umfassende Technologie beeinflusst s\u00e4mtliche Lebensbereiche und macht die Begegnung mit dem Unvertrauten und Neuem allgegenw\u00e4rtig.<br \/>\n<br \/>\nKulturelle Grenzen verwischen, physische und virtuelle R\u00e4ume verschmelzen \u2013 daher m\u00fcssen Interkulturalit\u00e4t und Digitalisierung gemeinsam betrachtet werden. Genau hier setzt das neue interdisziplin\u00e4re Forschungszentrum f\u00fcr digitale und interkulturelle Studien in Jena an. Es erforscht, wie digitale Technologien interkulturelle Beziehungen pr\u00e4gen \u2013 und welche Chancen wie Risiken damit verbunden sind. \u201eDigitale Medien machen kulturelle Grenzen durchl\u00e4ssiger und schaffen neue R\u00e4ume f\u00fcr Zugeh\u00f6rigkeit. Gleichzeitig entstehen aber auch neue Ungleichheiten \u2013 durch ungleichen Zugang zu Technologien, durch die damit einhergehende Digitalkompetenz oder durch die Macht von Plattformen und Algorithmen, die Sichtbarkeit steuern\u201c, so PD Dr. Luisa Conti, Mitbegr\u00fcnderin des Forschungsfeldes \u201eDigital Interculturality\u201c.<br \/>\n<\/span><\/p>\n<p><a class=\"et_pb_button\" href=\"https:\/\/www.geistes-und-sozialwissenschaften-bmbf.de\/de\/News-Einzigartig-das-neue-ReDICo-Zentrum-fur-Digitale-Interkulturalitat-in-Jena-3489.html\" target=\"_blank\" rel=\"noopener\">zur Pressemitteilung<\/a><\/p>\n<p>[\/et_pb_accordion_item][et_pb_accordion_item title=&#8220;Januar 2025: %22PODCAST: \u201cFreiheit und das Internet\u201d: Eine Podcast-Serie des BMBF-Projekts \u201eReDICo\u201d%22 (BMBF)&#8220; open=&#8220;on&#8220; _builder_version=&#8220;4.27.2&#8243; _module_preset=&#8220;default&#8220; global_colors_info=&#8220;{}&#8220;]<\/p>\n<p><i><span style=\"font-weight: 400;\">Im ReDICo-Podcast \u201eFreedom and the Internet\u201c wird dar\u00fcber reflektiert, wie digitale Plattformen individuelle und gesellschaftliche Freiheiten behindern, aber auch f\u00f6rdern. Dazu \u00f6ffnen sie den Blick auf die Allt\u00e4glichkeit von Interkulturalit\u00e4t, die mit der Allgegenwart des Internets einhergeht. #Wissenschaftsjahr<\/span><\/i><\/p>\n<p><span style=\"font-weight: 400;\">Unter dem Titel \u201eFreedom and the Internet\u201c beleuchten die drei englischsprachigen Episoden aktuelle Entwicklungen und Herausforderungen, die die digitale Welt f\u00fcr die Freiheit bereith\u00e4lt.<br \/>\nIn der ersten Folge, \u201eThe Patchwork of Platforms\u201c, gehen Fergal Lenehan und Yolanda L\u00f3pez Garc\u00eda der Frage nach, wie das Internet aus der Perspektive von Plattformisierung und Postdigitalit\u00e4t neu betrachtet werden kann, und wie diese Strukturen unsere Freiheit im Internet determinieren. In der zweiten Episode, \u201cThe Fundamental Error\u201d, beleuchten Luisa Conti und Roman Lietz, wie Individuen und Gemeinschaften sich in einer postdigitalen, globalisierten Gesellschaft entfalten, zwischen den M\u00f6glichkeiten und Grenzen von Bewegungs- und Meinungsfreiheit. In der dritten Folge kn\u00fcpfen Anna Finzel und der Aktivist Bisi Alimi an die ersten zwei Folgen an und diskutieren \u00fcber die schwierige Situation der LGBTQI+-Community in Nigeria, die entscheidende Rolle, die Online-Communities f\u00fcr marginalisierte Menschen spielen, und wie Social-Media-Plattformen wie WhatsApp, Instagram und Facebook zu R\u00e4umen der Freiheit werden konnten. <\/span><span style=\"font-weight: 400;\"><br \/><\/span><span style=\"font-weight: 400;\"><br \/><\/span><span style=\"font-weight: 400;\">Das vom BMBF im Rahmen der F\u00f6rderlinie \u201eKleine F\u00e4cher \u2013 Zusammen stark\u201c von 2020 bis 2024 finanzierte Projekt \u201cReDICo: Researching Digital Interculturality Co-operatively\u201d hat  einen Paradigmenwechsel hin zur Digitalen Interkulturalit\u00e4t angesto\u00dfen: Dieser Ansatz versteht Interkulturalit\u00e4t als allt\u00e4gliche Erfahrung, die durch die allgegenw\u00e4rtige Pr\u00e4senz des Internets gepr\u00e4gt wird. Das Digitale als umfassende Technologie beeinflusst s\u00e4mtliche Lebensbereiche und macht die Begegnung mit dem Unvertrauten und Neuem allgegenw\u00e4rtig.<\/span><\/p>\n<p><a class=\"et_pb_button\" href=\"https:\/\/www.geistes-und-sozialwissenschaften-bmbf.de\/de\/medienplattform-podcast-freiheit-und-das-internet-redico.html\" target=\"_blank\" rel=\"noopener\">zur Pressemitteilung<\/a><\/p>\n<p><a class=\"et_pb_button\" href=\"https:\/\/letscast.fm\/sites\/redico-the-podcast-for-digital-interculturality-20406d05\" target=\"_blank\" rel=\"noopener\">zum Podcast\u00a0<\/a><\/p>\n<p>[\/et_pb_accordion_item][et_pb_accordion_item title=&#8220;15.02.2023: %22Soziale Medien bieten Raum f\u00fcr ein digitales Weltb\u00fcrgertum%22 (Universit\u00e4t Mainz)&#8220; _builder_version=&#8220;4.18.1&#8243; _module_preset=&#8220;default&#8220; global_colors_info=&#8220;{}&#8220; open=&#8220;off&#8220;]<\/p>\n<p>Was sind das f\u00fcr Personen, die auf Social Media f\u00fcr Toleranz, Menschenrechte und gegen Autoritarismus posten?<br \/>Soziale Medien wie Facebook oder Twitter haben in letzter Zeit h\u00e4ufig f\u00fcr negative Schlagzeilen gesorgt. Dabei geraten positive Aspekte, die mit den digitalen Plattformen verbunden sind, schnell aus dem Blick. Vor diesem Hintergrund hat eine neue Studie das soziale Online-Engagement von bewusst ausgew\u00e4hlten Nutzerinnen und Nutzern des Kurznachrichtendienstes Twitter untersucht. Die Autoren Dr. Roman Lietz von der Johannes Gutenberg-Universit\u00e4t Mainz (JGU) und Dr. Fergal Lenehan von der Friedrich-Schiller-Universit\u00e4t Jena stellen fest, dass sozial engagierte Twitter-Nutzer trotz unterschiedlicher Biografien \u00fcberraschende Gemeinsamkeiten aufweisen. \u201eDiese digitalen Weltb\u00fcrgerinnen und Weltb\u00fcrger vertreten \u00e4hnliche Werte und werden von \u00e4hnlichen Motivationen und Perspektiven auf die Gesellschaft geleitet\u201c, sagt Roman Lietz vom Fachbereich Translations-, Sprach- und Kulturwissenschaft der JGU. \u2026<\/p>\n<p><a class=\"et_pb_button\" href=\"https:\/\/idw-online.de\/de\/news809366\" target=\"_blank\" rel=\"noopener\">zur ganzen Pressemitteilung<\/a><\/p>\n<p><a class=\"et_pb_button\" href=\"https:\/\/ojs.deakin.edu.au\/index.php\/ps\/article\/view\/1653\/1511\" target=\"_blank\" rel=\"noopener\">zur Ver\u00f6ffentlichung\u00a0<\/a><\/p>\n<p>[\/et_pb_accordion_item][et_pb_accordion_item title=&#8220;25.05.2021: %22Interkulturalit\u00e4t in der digitalen Welt \u2013 Interview mit Dr. Milene Mendes de Oliveira zum Forschungsprojekt ReDICo%22 (Universit\u00e4t Potsdam)&#8220; _builder_version=&#8220;4.16.0&#8243; _module_preset=&#8220;default&#8220; global_colors_info=&#8220;{}&#8220; open=&#8220;off&#8220;]<\/p>\n<p>Die Universit\u00e4ten Potsdam, Jena und Mainz haben 2020 einen Projektverbund namens Researching Digital Interculturality Co-operatively (ReDICo) gegr\u00fcndet. Die Wissenschaftler beabsichtigen eine Ann\u00e4herung der interkulturellen Kommunikationswissenschaft an das interdisziplin\u00e4re Feld der Internet Studies, um digitale Interkulturalit\u00e4t aus einer neuen Perspektive zu betrachten. &#8230;<\/p>\n<p><a class=\"et_pb_button\" href=\"https:\/\/www.uni-potsdam.de\/de\/nachrichten\/detail\/2021-05-25-interkulturalitaet-in-der-digitalen-welt-interview-mit-dr-milene-mendes-de-oliveira-zum\" target=\"_blank\" rel=\"noopener\">zum ganzen Artikel<\/a><\/p>\n<p>[\/et_pb_accordion_item][et_pb_accordion_item title=&#8220;05.01.2022: %22Digitale interkulturelle Kommunikationsspiele%22 (Pressebox)&#8220; _builder_version=&#8220;4.16.0&#8243; _module_preset=&#8220;default&#8220; global_colors_info=&#8220;{}&#8220; open=&#8220;off&#8220;]<\/p>\n<p>Es gibt wohl kaum ein Thema, das sich seit Beginn der Pandemie so aufgedr\u00e4ngt hat wie virtuelle Kommunikation. Wir alle kommunizieren mittlerweile st\u00e4ndig per Videotelefonie und nehmen digital an Veranstaltungen teil. Die Lehre im Fach Interkulturelle Wirtschaftskommunikation bietet Theorien und Praxis zu diesem neuen Zeitalter. &#8230;<\/p>\n<p><a class=\"et_pb_button\" href=\"https:\/\/www.pressebox.de\/pressemitteilung\/up-transfer-gmbh-an-der-universitt-potsdam\/digitale-interkulturelle-kommunikationsspiele\/boxid\/1093096\" target=\"_blank\" rel=\"noopener\">zum ganzen Artikel<\/a><\/p>\n<p>[\/et_pb_accordion_item][et_pb_accordion_item title=&#8220;20.11.2020: %22Interkulturelle Kommunikation im digitalen Raum%22 (Universit\u00e4t Jena)&#8220; _builder_version=&#8220;4.16.0&#8243; _module_preset=&#8220;default&#8220; global_colors_info=&#8220;{}&#8220; open=&#8220;off&#8220;]<\/p>\n<p>Ist die virtuelle Realit\u00e4t von der physischen \u00dcberhaupt noch trennbar? Und wenn nicht, wie kann es gelingen, diese Komplexit\u00e4t zu erforschen? Diese Fragen bilden den Kern eines neu gegr\u00fcndeten und an der Friedrich-Schiller-Universit\u00e4t Jena koordinierten For\u00adschungsverbundes im Bereich Interkulturelle Wirtschaftskommunikation. &#8230;<\/p>\n<p><a class=\"et_pb_button\" href=\"https:\/\/www.uni-jena.de\/201119-redico\" target=\"_blank\" rel=\"noopener\">zum ganzen Artikel<\/a><\/p>\n<p><strong>Diese Pressemitteilung ist auf folgenden Portalen erschienen:<\/strong><\/p>\n<ul>\n<li><a href=\"https:\/\/www.myscience.de\/en\/news\/wire\/interkulturelle_kommunikation_im_digitalen_raum-2020-uni-jena\">MyScience<\/a> (20.11.2020)<\/li>\n<li><a href=\"https:\/\/nachrichten.idw-online.de\/2020\/11\/20\/interkulturelle-kommunikation-im-digitalen-raum\/\">Informationsdienst Wissenschaft<\/a> (20.11.2020)<\/li>\n<li><a href=\"https:\/\/www.unidigital.news\/uni-jena-interkulturelle-kommunikation-im-digitalen-raum\/\">unidigital.news<\/a> (22.11.2020)<\/li>\n<li><a href=\"https:\/\/www.jenatv.de\/mediathek\/57951\/Interkulturelle_Kommunikation_im_digitalen_Raum.html\">JenaTV<\/a> (23.11.2020)<\/li>\n<li><a href=\"https:\/\/www.kooperation-international.de\/aktuelles\/nachrichten\/detail\/info\/internationaler-forschungsverbund-erforscht-interkulturelle-kommunikation-im-digitalen-raum\/\">Kooperation international<\/a> (24.11.2020)<\/li>\n<li><a href=\"https:\/\/jenarchiv.wordpress.com\/2020\/11\/27\/interkulturelle-kommunikation-im-digitalen-raum-die-fsu-jena-koordiniert-neuen-forschungsverbund-redico\/\">Radio Jena<\/a> (27.11.2020)<\/li>\n<li><a href=\"https:\/\/www.immersivelearning.news\/2020\/12\/01\/interkulturelle-kommunikation-im-digitalen-raum\/\">Immersive Learning News<\/a> (01.12.2020)<\/li>\n<li><a href=\"https:\/\/idw-online.de\/de\/news759169\">Informationsdienst Wissenschaft<\/a> (02.12.2020)<\/li>\n<li><a href=\"https:\/\/www.uni-mainz.de\/presse\/aktuell\/12672_DEU_HTML.php\">Johannes Gutenberg Universit\u00e4t Mainz<\/a> (03.12.2020)<\/li>\n<li><a href=\"https:\/\/colorful-germany.de\/interkulturelle-kommunikation-im-digitalen-raum\/\">Colorful Germany<\/a> (28.12.2020)<\/li>\n<\/ul>\n<p>&nbsp;<\/p>\n<p>[\/et_pb_accordion_item][\/et_pb_accordion][\/et_pb_column][et_pb_column type=&#8220;1_3&#8243; _builder_version=&#8220;4.16&#8243; _module_preset=&#8220;default&#8220; global_colors_info=&#8220;{}&#8220;][\/et_pb_column][\/et_pb_row][\/et_pb_section]<\/p>\n","protected":false},"excerpt":{"rendered":"<p>PressespiegelHier finden Sie Artikel, Berichte und Pressemitteilungen \u00fcber unser Projekt.Am 25. September 2025 er\u00f6ffnet an der Friedrich-Schiller-Universit\u00e4t Jena das ReDICo-Centre for Digital Interculturality Studies, begleitet von der Konferenz \u201eInterkulturalit\u00e4t neu imaginieren\u201c. Wie es dem BMFTR-Projekt ReDICo gelungen ist, das Kleine Fach Interkulturelle Kommunikation neu auszurichten, erfahren Sie hier. Mit der Verlagerung der Kommunikation ins Netz [&hellip;]<\/p>\n","protected":false},"author":4,"featured_media":0,"parent":0,"menu_order":0,"comment_status":"closed","ping_status":"closed","template":"","meta":{"_et_pb_use_builder":"on","_et_pb_old_content":"","_et_gb_content_width":"","footnotes":""},"_links":{"self":[{"href":"https:\/\/redico.eu\/de\/wp-json\/wp\/v2\/pages\/2406"}],"collection":[{"href":"https:\/\/redico.eu\/de\/wp-json\/wp\/v2\/pages"}],"about":[{"href":"https:\/\/redico.eu\/de\/wp-json\/wp\/v2\/types\/page"}],"author":[{"embeddable":true,"href":"https:\/\/redico.eu\/de\/wp-json\/wp\/v2\/users\/4"}],"replies":[{"embeddable":true,"href":"https:\/\/redico.eu\/de\/wp-json\/wp\/v2\/comments?post=2406"}],"version-history":[{"count":19,"href":"https:\/\/redico.eu\/de\/wp-json\/wp\/v2\/pages\/2406\/revisions"}],"predecessor-version":[{"id":5771,"href":"https:\/\/redico.eu\/de\/wp-json\/wp\/v2\/pages\/2406\/revisions\/5771"}],"wp:attachment":[{"href":"https:\/\/redico.eu\/de\/wp-json\/wp\/v2\/media?parent=2406"}],"curies":[{"name":"wp","href":"https:\/\/api.w.org\/{rel}","templated":true}]}}