{"id":3553,"date":"2023-09-27T04:14:56","date_gmt":"2023-09-27T02:14:56","guid":{"rendered":"https:\/\/redico.eu\/projekt\/ringvorlesung\/"},"modified":"2023-11-13T10:44:44","modified_gmt":"2023-11-13T09:44:44","slug":"ringvorlesung-digitale-interkulturalitaet","status":"publish","type":"page","link":"https:\/\/redico.eu\/de\/geschichte\/ringvorlesung-digitale-interkulturalitaet\/","title":{"rendered":"Ringvorlesung"},"content":{"rendered":"<p>[et_pb_section fb_built=&#8220;1&#8243; admin_label=&#8220;Header-Section&#8220; module_class=&#8220;bg-gradient-presentation dark-bg&#8220; _builder_version=&#8220;4.16&#8243; _module_preset=&#8220;default&#8220; background_enable_color=&#8220;off&#8220; background_color_gradient_direction=&#8220;45deg&#8220; custom_padding=&#8220;50px||0px||false|false&#8220; locked=&#8220;off&#8220; global_colors_info=&#8220;{}&#8220;][et_pb_row column_structure=&#8220;1_2,1_2&#8243; make_equal=&#8220;on&#8220; _builder_version=&#8220;4.16&#8243; _module_preset=&#8220;default&#8220; custom_margin=&#8220;||||false|false&#8220; custom_padding=&#8220;||70px||false|false&#8220; global_colors_info=&#8220;{}&#8220;][et_pb_column type=&#8220;1_2&#8243; _builder_version=&#8220;4.16&#8243; _module_preset=&#8220;default&#8220; custom_css_main_element=&#8220;margin:auto&#8220; global_colors_info=&#8220;{}&#8220;][et_pb_text admin_label=&#8220;Headline&#8220; _builder_version=&#8220;4.20.4&#8243; _module_preset=&#8220;default&#8220; global_colors_info=&#8220;{}&#8220;]<\/p>\n<h2>Ringvorlesung<\/h2>\n<p>[\/et_pb_text][\/et_pb_column][et_pb_column type=&#8220;1_2&#8243; _builder_version=&#8220;4.16&#8243; _module_preset=&#8220;default&#8220; global_colors_info=&#8220;{}&#8220;][et_pb_image src=&#8220;https:\/\/redico.eu\/wp-content\/uploads\/2021\/10\/conferences_white-1.png&#8220; title_text=&#8220;conferences_white&#8220; _builder_version=&#8220;4.20.4&#8243; _module_preset=&#8220;default&#8220; global_colors_info=&#8220;{}&#8220;][\/et_pb_image][\/et_pb_column][\/et_pb_row][\/et_pb_section][et_pb_section fb_built=&#8220;1&#8243; _builder_version=&#8220;4.16&#8243; _module_preset=&#8220;default&#8220; global_colors_info=&#8220;{}&#8220;][et_pb_row _builder_version=&#8220;4.16&#8243; _module_preset=&#8220;default&#8220; global_colors_info=&#8220;{}&#8220;][et_pb_column type=&#8220;4_4&#8243; _builder_version=&#8220;4.16&#8243; _module_preset=&#8220;default&#8220; global_colors_info=&#8220;{}&#8220;][et_pb_text admin_label=&#8220;Text&#8220; _builder_version=&#8220;4.20.4&#8243; _module_preset=&#8220;default&#8220; z_index=&#8220;0&#8243; custom_margin=&#8220;20px||||false|false&#8220; global_colors_info=&#8220;{}&#8220;]<\/p>\n<h3><strong><em>Vortrags- und Diskussionsreihe zum Thema Digitale Interkulturalit\u00e4t<br \/><\/em><\/strong><strong>Wintersemester 2023\/24 (Oktober 2023-Dezember 2023)<\/strong><\/h3>\n<p>8 Online-Sitzungen live, einmal pro Woche, Freitag 12:00-13:30 MEZ<br \/>5 asynchrone Sitzungen<br \/>alle Sitzungen finden in Englisch statt<\/p>\n<p>&nbsp;<\/p>\n<p>[\/et_pb_text][et_pb_image src=&#8220;https:\/\/redico.eu\/wp-content\/uploads\/2023\/09\/Bild1.jpg&#8220; title_text=&#8220;Bild1&#8243; _builder_version=&#8220;4.20.4&#8243; _module_preset=&#8220;default&#8220; global_colors_info=&#8220;{}&#8220;][\/et_pb_image][et_pb_text _builder_version=&#8220;4.20.4&#8243; _module_preset=&#8220;default&#8220; text_font_size=&#8220;9px&#8220; global_colors_info=&#8220;{}&#8220;]<\/p>\n<p>Illustration: Akemi Paz<\/p>\n<p>[\/et_pb_text][et_pb_text _builder_version=&#8220;4.20.4&#8243; _module_preset=&#8220;default&#8220; global_colors_info=&#8220;{}&#8220;]<\/p>\n<p>Wir freuen uns, eine w\u00f6chentliche Vortrags- und Diskussionsreihe in Zusammenarbeit mit renommierten Universit\u00e4ten weltweit, darunter die Universit\u00e4ten Jena, Mainz und Potsdam (Deutschland), Limerick (Irland), Salvador (Brasilien), Urbino (Italien) und Wien (\u00d6sterreich), anzuk\u00fcndigen.<\/p>\n<p>\ud83c\udf10 <strong>Erforschung der digitalen Interkulturalit\u00e4t: <\/strong>Unz\u00e4hlige interkulturelle Interaktionen unterschiedlichster Art sind heute zu einer allt\u00e4glichen Erfahrung geworden, die digital \u00fcber Bildschirme vermittelt wird. Daraus ergibt sich die Notwendigkeit, das Verst\u00e4ndnis interkultureller Kommunikation zu erweitern. Wir schlagen den Begriff der digitalen Interkulturalit\u00e4t vor und verstehen darunter die Hyperinterkulturalit\u00e4t der digitalen Welt mit ihrem Potenzial f\u00fcr eine Vielzahl neuer und vielf\u00e4ltiger Verbindungen, ein Netzwerk digitaler Ungewissheit, in dem sich Interkulturalit\u00e4t st\u00e4ndig in vertraute Kulturalit\u00e4t verwandelt.<\/p>\n<p>\ud83d\udcda <strong>Ein vielseitiger Ansatz:<\/strong> Das Programm st\u00fctzt sich auf die multidisziplin\u00e4re Expertise internationaler Hochschullehrer. Mit unterschiedlichen Perspektiven werden verschiedene Gesichtspunkte des Ph\u00e4nomens digitaler Interkulturalit\u00e4t betrachtet.<\/p>\n<p><em>\ud83c\udf0d <\/em><strong>Weltweite Vernetzung der Studierenden: <\/strong>\u00dcber die Vorlesungen hinaus schaffen wir einen attraktiven Online-Raum, in dem Studierende aus verschiedenen Bildungskontexten in Bezug auf das behandelte Thema miteinander interagieren k\u00f6nnen.<\/p>\n<p><em>\ud83d\uddd3\ufe0f<\/em><strong>Was erwartet Sie?:<\/strong> Die Vortragsreihe besteht aus acht Live-Online-Vorlesungen mit Diskussionsrunden und einer Reihe von asynchron aufgezeichneten Vorlesungen, an denen die Studierenden ebenfalls teilnehmen k\u00f6nnen.<\/p>\n<p>\ud83c\udf93 <strong>Sammeln Sie Credits f\u00fcr Ihr Studium: <\/strong>F\u00fcr teilnehmende Studierende gibt es eine interessante M\u00f6glichkeit, Credits f\u00fcr ihr Studium zu sammeln. Melden Sie sich im Vorlesungsverzeichnis Ihrer Universit\u00e4t an oder kontaktieren Sie uns f\u00fcr eine Teilnahmebest\u00e4tigung: <a href=\"mailto:contact@redico.eu\">contact@redico.eu<\/a><\/p>\n<p>[\/et_pb_text][\/et_pb_column][\/et_pb_row][\/et_pb_section][et_pb_section fb_built=&#8220;1&#8243; _builder_version=&#8220;4.16&#8243; _module_preset=&#8220;default&#8220; custom_padding=&#8220;25px||75px||false|false&#8220; global_colors_info=&#8220;{}&#8220;][et_pb_row _builder_version=&#8220;4.16&#8243; _module_preset=&#8220;default&#8220; global_colors_info=&#8220;{}&#8220;][et_pb_column type=&#8220;4_4&#8243; _builder_version=&#8220;4.16&#8243; _module_preset=&#8220;default&#8220; global_colors_info=&#8220;{}&#8220;][et_pb_divider color=&#8220;#0D2743&#8243; divider_weight=&#8220;2px&#8220; _builder_version=&#8220;4.16&#8243; _module_preset=&#8220;default&#8220; custom_margin=&#8220;||||false|false&#8220; custom_padding=&#8220;20px||20px||false|false&#8220; global_colors_info=&#8220;{}&#8220;][\/et_pb_divider][et_pb_text _builder_version=&#8220;4.22.2&#8243; _module_preset=&#8220;default&#8220; locked=&#8220;off&#8220; global_colors_info=&#8220;{}&#8220;]<\/p>\n<h4><strong>Kalender<\/strong><\/h4>\n<table style=\"height: 674px; width: 844px;\" width=\"602\">\n<thead>\n<tr style=\"height: 23px;\">\n<td style=\"height: 23px; width: 182.305px;\"><strong>Name<\/strong><\/td>\n<td style=\"height: 23px; width: 173.268px;\"><strong>Universit\u00e4t<\/strong><\/td>\n<td style=\"height: 23px; width: 345.599px;\">\u00a0<strong>Titel<\/strong><\/td>\n<td style=\"height: 23px; width: 118.242px;\"><strong>Datum<\/strong><\/td>\n<\/tr>\n<tr style=\"height: 95px;\">\n<td style=\"height: 95px; width: 182.305px;\">Fergal Lenehan<\/td>\n<td style=\"height: 95px; width: 173.268px;\">University of Jena, Germany<\/td>\n<td style=\"height: 95px; width: 345.599px;\">Intercultural New Media Studies and \u00a0Postdigital Cosmopolitanism<\/td>\n<td style=\"height: 95px; width: 118.242px;\">27.10.2023<\/td>\n<\/tr>\n<tr style=\"height: 71px;\">\n<td style=\"height: 71px; width: 182.305px;\">Luisa Conti<\/td>\n<td style=\"height: 71px; width: 173.268px;\">University of Jena, Germany<\/td>\n<td style=\"height: 71px; width: 345.599px;\">Online Tribalism: Hate Speech and Community Formation<\/td>\n<td style=\"height: 71px; width: 118.242px;\">03.11.2023<\/td>\n<\/tr>\n<tr style=\"height: 47px;\">\n<td style=\"height: 47px; width: 182.305px;\">Milene Mendes de Oliveira<\/td>\n<td style=\"height: 47px; width: 173.268px;\">University of Potsdam, Germany<\/td>\n<td style=\"height: 47px; width: 345.599px;\">Simulation Games and Intercultural Interaction in Video-Conferencing Contexts<\/td>\n<td style=\"height: 47px; width: 118.242px;\">10.11.2023<\/td>\n<\/tr>\n<tr style=\"height: 166px;\">\n<td style=\"height: 86px; width: 182.305px;\">Savio Siqueira<\/td>\n<td style=\"height: 86px; width: 173.268px;\">Bahia Federal University\/CNPq (Brazil)<\/td>\n<td style=\"height: 86px; width: 345.599px;\"><span style=\"font-weight: 400;\">Virtual English as a Lingua Franca (VELF), Critical Interculturality and Decoloniality: How Can we Build Such Bridges in the ELT Classroom?<\/span><\/td>\n<td style=\"height: 86px; width: 118.242px;\">\u00a017.11.2023<\/td>\n<\/tr>\n<tr style=\"height: 95px;\">\n<td style=\"height: 72px; width: 182.305px;\">Claus Ehrhardt<\/td>\n<td style=\"height: 72px; width: 173.268px;\">University of Urbino Carlo Bo, Germany<\/td>\n<td style=\"height: 72px; width: 345.599px;\">Politeness in Digital Communication<\/td>\n<td style=\"height: 72px; width: 118.242px;\">24.11.2023<\/td>\n<\/tr>\n<tr style=\"height: 95px;\">\n<td style=\"height: 95px; width: 182.305px;\">Maria Rieder, Anita Barmettler and Marta Giralt<\/td>\n<td style=\"height: 95px; width: 173.268px;\">University of Limerick, Ireland<\/td>\n<td style=\"width: 345.599px; height: 95px;\">The use of Virtual Exchange in digital and intercultural competence education<\/td>\n<td style=\"height: 95px; width: 118.242px;\">01.12.2023<\/td>\n<\/tr>\n<tr style=\"height: 142px;\">\n<td style=\"height: 114px; width: 182.305px;\">Nadine Thielemann and Martina Berrocal<\/td>\n<td style=\"height: 114px; width: 173.268px;\">Vienna University of Economics and Business, Austria and<br \/>Jena, Germany<\/td>\n<td style=\"height: 114px; width: 345.599px;\"><em>#Turow<\/em> \u2013 Debating the Mine on Twitter: National and Transcultural Discourses on Social Media<\/td>\n<td style=\"height: 114px; width: 118.242px;\">08.12.2023<\/td>\n<\/tr>\n<tr style=\"height: 71px;\">\n<td style=\"height: 71px; width: 182.305px;\">Roman Lietz<\/td>\n<td style=\"height: 71px; width: 173.268px;\">Johannes Gutenberg University of Mainz, Germany<\/td>\n<td style=\"height: 71px; width: 345.599px;\">Social Cohesion and Identity Construction in Online Fandoms<\/td>\n<td style=\"height: 71px; width: 118.242px;\">15.12.2023<\/td>\n<\/tr>\n<\/thead>\n<\/table>\n<h4><strong>Aufgezeichnete Vorlesungen<\/strong><\/h4>\n<p>Zus\u00e4tzlich zu den acht Live-Vorlesungen m\u00f6chten wir Sie auch zu einem tieferen Eintauchen in die Thematik einladen. Daf\u00fcr haben wir acht bereits aufgezeichnete Vortr\u00e4gen von unseren letzten Konferenzen ausgew\u00e4hlt (ca. 20 Minuten je Vortrag) und verkn\u00fcpfen diese auch mit unseren vier Educasts (ca. 2-3 Minuten je Educast). Zu jeder dieser asynchron laufenden Vorlesungswochen (&#8222;Deep Dive&#8220;-Sessions) gibt es ein Diskussionsforum, in dem Sie die aufgezeichneten Vortr\u00e4ge, Educasts und Ideen diskutieren k\u00f6nnt. Jedes Diskussionsforum ist f\u00fcr eine Woche ge\u00f6ffnet.<\/p>\n<table style=\"border-collapse: collapse; width: 99.826%; height: 457px;\" border=\"1\">\n<tbody>\n<tr style=\"height: 23px;\">\n<td style=\"width: 16.6273%; height: 23px;\"><strong>Name<\/strong><\/td>\n<td style=\"width: 34.7518%; height: 23px;\"><strong>University<\/strong><\/td>\n<td style=\"width: 48.621%; height: 23px;\"><strong>Title<\/strong><\/td>\n<\/tr>\n<tr>\n<td style=\"width: 16.6273%;\" colspan=\"3\">27.10. &#8211; 3.11.<\/td>\n<\/tr>\n<tr style=\"height: 142px;\">\n<td style=\"width: 16.6273%; height: 142px;\">\u00c7i\u011fdem Bozda\u011f<\/td>\n<td style=\"width: 34.7518%; height: 142px;\">University of Bremen, Germany \/ University of Groningen, Netherlands<\/td>\n<td style=\"width: 48.621%; height: 142px;\"><a href=\"https:\/\/www.youtube.com\/watch?v=IHW6d054QNI\" target=\"_blank\" rel=\"noopener\">Cosmopolitanis From Below and the Multilingual Use of Digital Media Among Young People in the Postmigrant Society<\/a><\/td>\n<\/tr>\n<tr style=\"height: 71px;\">\n<td style=\"width: 16.6273%; height: 71px;\">ReDICo<\/td>\n<td style=\"width: 34.7518%; height: 71px;\">University of Jena \/ University of Potsdam \/ Johannes Gutenberg University of Mainz, Germany<\/td>\n<td style=\"width: 48.621%; height: 71px;\"><a href=\"https:\/\/www.youtube.com\/watch?v=akayqGACpf8\" target=\"_blank\" rel=\"noopener\">Educast 1: What is Postdigital Cosmopolitanism?<\/a><\/td>\n<\/tr>\n<tr style=\"height: 71px;\">\n<td style=\"width: 16.6273%; height: 71px;\">ReDICo<\/td>\n<td style=\"width: 34.7518%; height: 71px;\">University of Jena \/ University of Potsdam \/ Johannes Gutenberg University of Mainz, Germany<\/td>\n<td style=\"width: 48.621%; height: 71px;\"><a href=\"https:\/\/www.youtube.com\/watch?v=ScQnP9BV5HQ\" target=\"_blank\" rel=\"noopener\">Educast 2: Cosmopolitan Social Media Engagement<\/a><\/td>\n<\/tr>\n<tr>\n<td style=\"width: 16.6273%;\" colspan=\"3\">3.11. &#8211; 10.11.<\/td>\n<\/tr>\n<tr style=\"height: 0px;\">\n<td style=\"width: 16.6273%; height: 0px;\">Mark Ryan<\/td>\n<td style=\"width: 34.7518%; height: 0px;\">University of Limerick, Ireland<\/td>\n<td style=\"width: 48.621%; height: 0px;\"><a href=\"https:\/\/www.youtube.com\/watch?v=MHjAS8SFuA0\" target=\"_blank\" rel=\"noopener\">Queer Cosmopolitanism in a Digital Space: Narratives of Progress and Exclusionary Practices<\/a><\/td>\n<\/tr>\n<tr>\n<td style=\"width: 16.6273%;\" colspan=\"3\">10.11. &#8211; 17.11.<\/td>\n<\/tr>\n<tr>\n<td style=\"width: 16.6273%;\">Siobhan Brownlie<\/td>\n<td style=\"width: 34.7518%;\">Le Mans University, France \/ University of Manchester, UK<\/td>\n<td style=\"width: 48.621%;\"><a href=\"https:\/\/www.youtube.com\/watch?v=g_8oOnmRzcM&amp;t=5s\" target=\"_blank\" rel=\"noopener\">&#8218;Global Classroom&#8216;: Postdigital Connecting across Continents<\/a><\/td>\n<\/tr>\n<tr>\n<td style=\"width: 16.6273%;\">ReDICo<\/td>\n<td style=\"width: 34.7518%;\">University of Jena \/ University of Potsdam \/ Johannes Gutenberg University of Mainz, Germany<\/td>\n<td style=\"width: 48.621%;\"><a href=\"https:\/\/www.youtube.com\/watch?v=f0NElM3utYc\" target=\"_blank\" rel=\"noopener\">What impacts personal engagement?<\/a><\/td>\n<\/tr>\n<tr>\n<td style=\"width: 16.6273%;\">ReDICo<\/td>\n<td style=\"width: 34.7518%;\">University of Jena \/ University of Potsdam \/ Johannes Gutenberg University of Mainz, Germany<\/td>\n<td style=\"width: 48.621%;\"><a href=\"https:\/\/www.youtube.com\/watch?v=tsdqvvAjc_A\" target=\"_blank\" rel=\"noopener\">Language and Power in Remote Teams<\/a><\/td>\n<\/tr>\n<tr>\n<td style=\"width: 16.6273%;\" colspan=\"3\">17.11. &#8211; 24.11.<\/td>\n<\/tr>\n<tr>\n<td style=\"width: 16.6273%;\">Emilian Franco<\/td>\n<td style=\"width: 34.7518%;\">LMU Munich, Germany<\/td>\n<td style=\"width: 48.621%;\"><a href=\"https:\/\/www.youtube.com\/watch?v=kbFPEkDnnS4\" target=\"_blank\" rel=\"noopener\"><span style=\"font-weight: 400;\">Contaminated and Cosmopolitan Imaginaries in Brazilian AI Research<\/span><\/a><\/td>\n<\/tr>\n<tr>\n<td style=\"width: 16.6273%;\" colspan=\"3\">24.11. &#8211; 1.12.<\/td>\n<\/tr>\n<tr style=\"height: 10px;\">\n<td style=\"width: 16.6273%; height: 10px;\">Nicholas Potter<\/td>\n<td style=\"width: 34.7518%; height: 10px;\">Amadeu Antonio Foundation, Germany<\/td>\n<td style=\"width: 48.621%; height: 10px;\"><a href=\"https:\/\/www.youtube.com\/watch?v=xCmFTQ02Ngo\" target=\"_blank\" rel=\"noopener\">Viral Hate and Digital Propaganda: Far-Right Populism Online<\/a><\/td>\n<\/tr>\n<tr style=\"height: 10px;\">\n<td style=\"width: 16.6273%; height: 10px;\">Alina Jugenheimer<\/td>\n<td style=\"width: 34.7518%; height: 10px;\">independent scholar, Germany<\/td>\n<td style=\"width: 48.621%; height: 10px;\"><a href=\"https:\/\/www.youtube.com\/watch?v=lTdyuLpRWz0\" target=\"_blank\" rel=\"noopener\">Constructions of Threat to the \u00bbVolk\u00ab in Right-Wing Online Discourses<\/a><\/td>\n<\/tr>\n<tr style=\"height: 10px;\">\n<td style=\"width: 16.6273%; height: 10px;\" colspan=\"3\">1.12. &#8211; 8.12.<\/td>\n<\/tr>\n<tr style=\"height: 10px;\">\n<td style=\"width: 16.6273%; height: 10px;\">Britta Schneider and May Rostom<\/td>\n<td style=\"width: 34.7518%; height: 10px;\">European University Viadrina, Germany and Aix-Marseille University, France<\/td>\n<td style=\"width: 48.621%; height: 10px;\"><a href=\"https:\/\/www.youtube.com\/watch?v=85H-8uoEKkg\" target=\"_blank\" rel=\"noopener\">Cosmopolitan Language Cultures and Overcoming Methodological Nationalism in Linguistics. Insights from Transnational Migrant Networks<\/a><\/td>\n<\/tr>\n<tr>\n<td style=\"width: 16.6273%;\" colspan=\"3\">8.12. &#8211; 15.12.<em><br \/><\/em><\/td>\n<\/tr>\n<tr style=\"height: 23px;\">\n<td style=\"width: 16.6273%; height: 23px;\">Carmen Pereyra<\/td>\n<td style=\"width: 34.7518%; height: 23px;\">University of Jena, Germany<\/td>\n<td style=\"width: 48.621%; height: 23px;\"><a href=\"https:\/\/www.youtube.com\/watch?v=UDQkqb_awjg\" target=\"_blank\" rel=\"noopener\"><em> \u201cWhy doesn&#8217;t Argentina have more Black Players?\u201d: The Twitter Reaction to an Article Published in The Washington Post, Between Postcolonialism, Postmigratory Views and Racism Denial.<\/em><\/a><\/td>\n<\/tr>\n<tr style=\"height: 23px;\">\n<td style=\"width: 16.6273%; height: 23px;\">Yolanda L\u00f3pez Garc\u00eda<\/td>\n<td style=\"width: 34.7518%; height: 23px;\">Chemnitz University of Technology, Germany<\/td>\n<td style=\"width: 48.621%; height: 23px;\"><a href=\"https:\/\/www.youtube.com\/watch?v=9Z7JpagmyF4\" target=\"_blank\" rel=\"noopener\"><em> Exploring Whitexicans&#8216; Narratives of Europeanness in the Postdigital Field of Action<\/em><\/a><\/td>\n<\/tr>\n<tr>\n<td style=\"width: 16.6273%;\" colspan=\"3\">15.12. &#8211; 22.12.<\/td>\n<\/tr>\n<tr style=\"height: 10px;\">\n<td style=\"width: 16.6273%; height: 10px;\">Elisa Hofmann<\/td>\n<td style=\"width: 34.7518%; height: 10px;\">University of Jena, Germany<\/td>\n<td style=\"width: 48.621%; height: 10px;\"><a href=\"https:\/\/www.youtube.com\/watch?v=1zZNa3r9Ewk\" target=\"_blank\" rel=\"noopener\">Digital Tools for Data Collection and Analysis (Workshop)<\/a><\/td>\n<\/tr>\n<\/tbody>\n<\/table>\n<p>[\/et_pb_text][\/et_pb_column][\/et_pb_row][et_pb_row _builder_version=&#8220;4.16&#8243; _module_preset=&#8220;default&#8220; locked=&#8220;off&#8220; global_colors_info=&#8220;{}&#8220;][et_pb_column type=&#8220;4_4&#8243; _builder_version=&#8220;4.16&#8243; _module_preset=&#8220;default&#8220; global_colors_info=&#8220;{}&#8220;][et_pb_divider color=&#8220;#0D2743&#8243; divider_weight=&#8220;2px&#8220; _builder_version=&#8220;4.16&#8243; _module_preset=&#8220;default&#8220; custom_margin=&#8220;||||false|false&#8220; custom_padding=&#8220;20px||20px||false|false&#8220; global_colors_info=&#8220;{}&#8220;][\/et_pb_divider][\/et_pb_column][\/et_pb_row][et_pb_row column_structure=&#8220;2_3,1_3&#8243; _builder_version=&#8220;4.16&#8243; _module_preset=&#8220;default&#8220; global_colors_info=&#8220;{}&#8220;][et_pb_column type=&#8220;2_3&#8243; _builder_version=&#8220;4.16&#8243; _module_preset=&#8220;default&#8220; global_colors_info=&#8220;{}&#8220;][\/et_pb_column][et_pb_column type=&#8220;1_3&#8243; _builder_version=&#8220;4.16&#8243; _module_preset=&#8220;default&#8220; global_colors_info=&#8220;{}&#8220;][\/et_pb_column][\/et_pb_row][\/et_pb_section]<\/p>\n","protected":false},"excerpt":{"rendered":"<p>RingvorlesungVortrags- und Diskussionsreihe zum Thema Digitale Interkulturalit\u00e4tWintersemester 2023\/24 (Oktober 2023-Dezember 2023) 8 Online-Sitzungen live, einmal pro Woche, Freitag 12:00-13:30 MEZ5 asynchrone Sitzungenalle Sitzungen finden in Englisch statt &nbsp;Illustration: Akemi PazWir freuen uns, eine w\u00f6chentliche Vortrags- und Diskussionsreihe in Zusammenarbeit mit renommierten Universit\u00e4ten weltweit, darunter die Universit\u00e4ten Jena, Mainz und Potsdam (Deutschland), Limerick (Irland), Salvador (Brasilien), [&hellip;]<\/p>\n","protected":false},"author":4,"featured_media":0,"parent":1041,"menu_order":1,"comment_status":"closed","ping_status":"closed","template":"","meta":{"_et_pb_use_builder":"on","_et_pb_old_content":"","_et_gb_content_width":"","footnotes":""},"_links":{"self":[{"href":"https:\/\/redico.eu\/de\/wp-json\/wp\/v2\/pages\/3553"}],"collection":[{"href":"https:\/\/redico.eu\/de\/wp-json\/wp\/v2\/pages"}],"about":[{"href":"https:\/\/redico.eu\/de\/wp-json\/wp\/v2\/types\/page"}],"author":[{"embeddable":true,"href":"https:\/\/redico.eu\/de\/wp-json\/wp\/v2\/users\/4"}],"replies":[{"embeddable":true,"href":"https:\/\/redico.eu\/de\/wp-json\/wp\/v2\/comments?post=3553"}],"version-history":[{"count":13,"href":"https:\/\/redico.eu\/de\/wp-json\/wp\/v2\/pages\/3553\/revisions"}],"predecessor-version":[{"id":3694,"href":"https:\/\/redico.eu\/de\/wp-json\/wp\/v2\/pages\/3553\/revisions\/3694"}],"up":[{"embeddable":true,"href":"https:\/\/redico.eu\/de\/wp-json\/wp\/v2\/pages\/1041"}],"wp:attachment":[{"href":"https:\/\/redico.eu\/de\/wp-json\/wp\/v2\/media?parent=3553"}],"curies":[{"name":"wp","href":"https:\/\/api.w.org\/{rel}","templated":true}]}}